{"id":40243,"date":"2026-04-20T08:16:52","date_gmt":"2026-04-20T06:16:52","guid":{"rendered":"https:\/\/restauranterodas.es\/conoce-las-cies\/"},"modified":"2026-05-04T13:18:08","modified_gmt":"2026-05-04T11:18:08","slug":"conece-as-cies","status":"publish","type":"page","link":"https:\/\/restauranterodas.es\/gl\/conece-as-cies\/","title":{"rendered":"Co\u00f1ece as C\u00edes"},"content":{"rendered":"<div  class=\"one withsmallpadding ppb_header \" style=\"text-align:left;padding:30px 0 30px 0;\" >\n<div class=\"standard_wrapper\">\n<div class=\"page_content_wrapper\">\n<div class=\"inner\">\n<div class=\"page_header_sep left\"><\/div>\n<\/p>\n<div class=\"sec-hero-full\">\n<h1 class=\"title-big\"><span class=\"color-azul\">Comeza a viaxe antes de pisar <\/span>as Illas C\u00edes<\/h1>\n<p class=\"body-l\">As Illas C\u00edes non son s\u00f3 un destino. Son un <strong>espazo protexido onde natureza<\/strong>, historia e tradici\u00f3n conviven en equilibrio.<\/p>\n<\/div>\n<\/div>\n<\/div>\n<\/div>\n<\/div>\n<div  class=\"one withsmallpadding ppb_text\" style=\"padding:30px 0 30px 0;\" >\n<div class=\"standard_wrapper\">\n<div class=\"page_content_wrapper\">\n<div class=\"inner\">\n<div style=\"margin:auto;width:100%\">\n<p class=\"body-m\" style=\"text-align: center;\">Situadas na entrada da r\u00eda de Vigo, este arquip\u00e9lago forma parte do <b>Parque Nacional Mar\u00edtimo-Terrestre das Illas Atl\u00e1nticas<\/b>, unha contorna onde a paisaxe segue marcando o ritmo e onde cada visita est\u00e1 limitada para preservar a s\u00faa esencia.<\/p>\n<p class=\"body-m\" style=\"text-align: center;\">Esta gu\u00eda nace para que esa viaxe comece antes de chegar. Para que entendas o que est\u00e1s a piques de vivir\u2026 e non s\u00f3 o vexas.<\/p>\n<\/div>\n<\/div>\n<\/div>\n<\/div>\n<\/div>\n<div  class=\"one ppb_card_two_cols_with_image\" style=\"position:relative;padding:0px 0 0px 0;\" >\n<div class=\"standard_wrapper\">\n<div class=\"page_content_wrapper\">\n<div class=\"inner\">\n<div class=\"one_half parallax_scroll\" style=\"width:50%;position:absolute;left:90px;padding:0px;z-index:2;block !important;background:#fff;\" data-stellar-ratio=\"1.3\">\n<h2 class=\"title-2\">Un lugar <span class=\"color-azul\">onde a paisaxe tam\u00e9n se come<\/span><\/h2>\n<p class=\"body-m\"><strong>O Restaurante Rodas non se entende sen as C\u00edes.<\/strong><\/p>\n<p class=\"body-s\">Aqu\u00ed, a gastronom\u00eda non \u00e9 un elemento illado, sen\u00f3n unha extensi\u00f3n directa da contorna: do Atl\u00e1ntico, da<strong> tradici\u00f3n pesqueira<\/strong> e dunha forma de vida que durante s\u00e9culos se apoiou no mar e nunha econom\u00eda de subsistencia baseada na pesca e no cultivo local.<\/p>\n<p class=\"body-s\">As illas estiveron habitadas durante xeraci\u00f3ns, con comunidades que viv\u00edan do mar, de pequenas hortas e das f\u00e1bricas de salgadura. Hoxe, ese legado segue presente no produto e na forma de entender a coci\u00f1a.<\/p>\n<\/div>\n<div class=\"one_half parallax_scroll_image last\" style=\"width:50%;\"><\/div>\n<p><br class=\"clear\"\/><\/div>\n<\/div>\n<\/div>\n<\/div>\n<div  class=\"one ppb_card_two_cols_with_image\" style=\"position:relative;padding:0px 0 0px 0;\" >\n<div class=\"standard_wrapper\">\n<div class=\"page_content_wrapper\">\n<div class=\"inner\">\n<div class=\"one_half parallax_scroll\" style=\"width:50%;position:absolute;left:90px;padding:0px;z-index:2;block !important;background:#fff;\" data-stellar-ratio=\"1.3\">\n<h2 class=\"title-2\">Un lugar <span class=\"color-azul\">onde a paisaxe tam\u00e9n se come<\/span><\/h2>\n<p class=\"body-m\"><strong>O Restaurante Rodas non se entende sen as C\u00edes.<\/strong><\/p>\n<p class=\"body-s\">Aqu\u00ed, a gastronom\u00eda non \u00e9 un elemento illado, sen\u00f3n unha extensi\u00f3n directa da contorna: do Atl\u00e1ntico, da<strong> tradici\u00f3n pesqueira<\/strong> e dunha forma de vida que durante s\u00e9culos se apoiou no mar e nunha econom\u00eda de subsistencia baseada na pesca e no cultivo local.<\/p>\n<p class=\"body-s\">As illas estiveron habitadas durante xeraci\u00f3ns, con comunidades que viv\u00edan do mar, de pequenas hortas e das f\u00e1bricas de salgadura. Hoxe, ese legado segue presente no produto e na forma de entender a coci\u00f1a.<\/p>\n<\/div>\n<div class=\"one_half parallax_scroll_image last\" style=\"width:50%;\"><\/div>\n<p><br class=\"clear\"\/><\/div>\n<\/div>\n<\/div>\n<\/div>\n<div  class=\"one ppb_card_two_cols_with_image\" style=\"position:relative;padding:0px 0 0px 0;\" >\n<div class=\"standard_wrapper\">\n<div class=\"page_content_wrapper\">\n<div class=\"inner\">\n<div class=\"one_half parallax_scroll\" style=\"width:50%;position:absolute;left:90px;padding:0px;z-index:2;block !important;background:#fff;\" data-stellar-ratio=\"1.3\">\n<h2 class=\"title-2\">Un lugar <span class=\"color-azul\">onde a paisaxe tam\u00e9n se come<\/span><\/h2>\n<p class=\"body-m\"><strong>O Restaurante Rodas non se entende sen as C\u00edes.<\/strong><\/p>\n<p class=\"body-s\">Aqu\u00ed, a gastronom\u00eda non \u00e9 un elemento illado, sen\u00f3n unha extensi\u00f3n directa da contorna: do Atl\u00e1ntico, da<strong> tradici\u00f3n pesqueira<\/strong> e dunha forma de vida que durante s\u00e9culos se apoiou no mar e nunha econom\u00eda de subsistencia baseada na pesca e no cultivo local.<\/p>\n<p class=\"body-s\">As illas estiveron habitadas durante xeraci\u00f3ns, con comunidades que viv\u00edan do mar, de pequenas hortas e das f\u00e1bricas de salgadura. Hoxe, ese legado segue presente no produto e na forma de entender a coci\u00f1a.<\/p>\n<\/div>\n<div class=\"one_half parallax_scroll_image last\" style=\"width:50%;\"><\/div>\n<p><br class=\"clear\"\/><\/div>\n<\/div>\n<\/div>\n<\/div>\n<div  class=\"one ppb_card_two_cols_with_image\" style=\"position:relative;padding:0px 0 0px 0;\" >\n<div class=\"standard_wrapper\">\n<div class=\"page_content_wrapper\">\n<div class=\"inner\">\n<div class=\"one_half parallax_scroll\" style=\"width:50%;position:absolute;left:90px;padding:0px;z-index:2;block !important;background:#fff;\" data-stellar-ratio=\"1.3\">\n<h3 class=\"title-3\">As C\u00edes: <span class=\"color-azul\">natureza, historia e cultura<\/span><\/h3>\n<p class=\"body-s\">Co\u00f1ecidas polos <b>romanos como as \u201cIllas dos Deuses\u201d<\/b>, as C\u00edes foron refuxio, punto estrat\u00e9xico e lugar de paso ao longo da historia.<\/p>\n<p class=\"body-s\">Pero m\u00e1is al\u00e1 do relato hist\u00f3rico, o que as define \u00e9:<\/p>\n<ul class=\"body-s list-text\">\n<li aria-level=\"1\"><b class=\"color-azul\">Praias de area branca e augas cristalinas<\/b>, como Rodas, considerada entre as mellores do mundo<\/li>\n<li aria-level=\"1\"><b class=\"color-azul\">Cant\u00eds e rutas<\/b> que amosan o lado m\u00e1is salvaxe do Atl\u00e1ntico<\/li>\n<li aria-level=\"1\"><b class=\"color-azul\">Un ecosistema protexido<\/b> onde a intervenci\u00f3n humana \u00e9 limitada<\/li>\n<\/ul>\n<\/div>\n<div class=\"one_half parallax_scroll_image last\" style=\"width:50%;\"><\/div>\n<p><br class=\"clear\"\/><\/div>\n<\/div>\n<\/div>\n<\/div>\n<div  class=\"one ppb_card_two_cols_with_image\" style=\"position:relative;padding:0px 0 0px 0;\" >\n<div class=\"standard_wrapper\">\n<div class=\"page_content_wrapper\">\n<div class=\"inner\">\n<div class=\"one_half parallax_scroll\" style=\"width:50%;position:absolute;left:90px;padding:0px;z-index:2;block !important;background:#fff;\" data-stellar-ratio=\"1.3\">\n<h3 class=\"title-3\">As C\u00edes: <span class=\"color-azul\">natureza, historia e cultura<\/span><\/h3>\n<p class=\"body-s\">Co\u00f1ecidas polos <b>romanos como as \u201cIllas dos Deuses\u201d<\/b>, as C\u00edes foron refuxio, punto estrat\u00e9xico e lugar de paso ao longo da historia.<\/p>\n<p class=\"body-s\">Pero m\u00e1is al\u00e1 do relato hist\u00f3rico, o que as define \u00e9:<\/p>\n<ul class=\"body-s list-text\">\n<li aria-level=\"1\"><b class=\"color-azul\">Praias de area branca e augas cristalinas<\/b>, como Rodas, considerada entre as mellores do mundo<\/li>\n<li aria-level=\"1\"><b class=\"color-azul\">Cant\u00eds e rutas<\/b> que amosan o lado m\u00e1is salvaxe do Atl\u00e1ntico<\/li>\n<li aria-level=\"1\"><b class=\"color-azul\">Un ecosistema protexido<\/b> onde a intervenci\u00f3n humana \u00e9 limitada<\/li>\n<\/ul>\n<\/div>\n<div class=\"one_half parallax_scroll_image last\" style=\"width:50%;\"><\/div>\n<p><br class=\"clear\"\/><\/div>\n<\/div>\n<\/div>\n<\/div>\n<div  class=\"one ppb_card_two_cols_with_image\" style=\"position:relative;padding:0px 0 0px 0;\" >\n<div class=\"standard_wrapper\">\n<div class=\"page_content_wrapper\">\n<div class=\"inner\">\n<div class=\"one_half parallax_scroll\" style=\"width:50%;position:absolute;left:90px;padding:0px;z-index:2;block !important;background:#fff;\" data-stellar-ratio=\"1.3\">\n<h3 class=\"title-3\">As C\u00edes: <span class=\"color-azul\">natureza, historia e cultura<\/span><\/h3>\n<p class=\"body-s\">Co\u00f1ecidas polos <b>romanos como as \u201cIllas dos Deuses\u201d<\/b>, as C\u00edes foron refuxio, punto estrat\u00e9xico e lugar de paso ao longo da historia.<\/p>\n<p class=\"body-s\">Pero m\u00e1is al\u00e1 do relato hist\u00f3rico, o que as define \u00e9:<\/p>\n<ul class=\"body-s list-text\">\n<li aria-level=\"1\"><b class=\"color-azul\">Praias de area branca e augas cristalinas<\/b>, como Rodas, considerada entre as mellores do mundo<\/li>\n<li aria-level=\"1\"><b class=\"color-azul\">Cant\u00eds e rutas<\/b> que amosan o lado m\u00e1is salvaxe do Atl\u00e1ntico<\/li>\n<li aria-level=\"1\"><b class=\"color-azul\">Un ecosistema protexido<\/b> onde a intervenci\u00f3n humana \u00e9 limitada<\/li>\n<\/ul>\n<\/div>\n<div class=\"one_half parallax_scroll_image last\" style=\"width:50%;\"><\/div>\n<p><br class=\"clear\"\/><\/div>\n<\/div>\n<\/div>\n<\/div>\n<div  class=\"one withsmallpadding ppb_text\" style=\"padding:30px 0 30px 0;\" >\n<div class=\"standard_wrapper\">\n<div class=\"page_content_wrapper\">\n<div class=\"inner\">\n<div style=\"margin:auto;width:100%\">\n<p class=\"title-2 color-dorado\" style=\"text-align: left; \"><em>Todo aqu\u00ed invita a\u2026<\/em><\/p>\n<p class=\"title-2\"  style=\"text-align: right;\"><em>&#8230;parar, observar e entender.<\/em><\/p>\n<\/div>\n<\/div>\n<\/div>\n<\/div>\n<\/div>\n<div  class=\"one withsmallpadding ppb_text\" style=\"padding:30px 0 30px 0;\" >\n<div class=\"standard_wrapper\">\n<div class=\"page_content_wrapper\">\n<div class=\"inner\">\n<div style=\"margin:auto;width:100%\">\n<p class=\"title-2 color-dorado\" style=\"text-align: left; \"><em>Todo aqu\u00ed invita a\u2026<\/em><\/p>\n<p class=\"title-2\"  style=\"text-align: right;\"><em>&#8230;parar, observar e entender.<\/em><\/p>\n<\/div>\n<\/div>\n<\/div>\n<\/div>\n<\/div>\n<div  class=\"one withsmallpadding ppb_text\" style=\"padding:30px 0 30px 0;\" >\n<div class=\"standard_wrapper\">\n<div class=\"page_content_wrapper\">\n<div class=\"inner\">\n<div style=\"margin:auto;width:100%\">\n<p class=\"title-2 color-dorado\" style=\"text-align: left; \"><em>Todo aqu\u00ed invita a\u2026<\/em><\/p>\n<p class=\"title-2\"  style=\"text-align: right;\"><em>&#8230;parar, observar e entender.<\/em><\/p>\n<\/div>\n<\/div>\n<\/div>\n<\/div>\n<\/div>\n<div  class=\"one withsmallpadding ppb_text\" style=\"padding:30px 0 30px 0;\" >\n<div class=\"standard_wrapper\">\n<div class=\"page_content_wrapper\">\n<div class=\"inner\">\n<div style=\"margin:auto;width:100%\">\n<h3 class=\"title-2\" style=\"text-align: center;\">Unha experiencia <span class=\"color-azul\">que vai m\u00e1is al\u00e1 do noso restaurante<\/span><\/h3>\n<p class=\"body-l\" style=\"text-align: center;\">Esta gu\u00eda est\u00e1 pensada para axudarche a vivir as C\u00edes con outra mirada:<\/p>\n<\/div>\n<\/div>\n<\/div>\n<\/div>\n<\/div>\n<div  class=\"one withsmallpadding ppb_text\" style=\"padding:30px 0 30px 0;\" >\n<div class=\"standard_wrapper\">\n<div class=\"page_content_wrapper\">\n<div class=\"inner\">\n<div style=\"margin:auto;width:100%\">\n<div class=\"grid-tarjetas\">\n<div class=\"card\">\n    <img decoding=\"async\" src=\"\/wp-content\/uploads\/2026\/04\/guia-card-cies-001.jpg\" alt=\"Antes da t\u00faa visita\"><\/p>\n<p class=\"title-6 color-dorado\"><b>Antes da t\u00faa visita<\/b><\/p>\n<p class=\"body-s\">Que ver, como percorrer a illa e que non deber\u00edas perder na t\u00faa chegada.<\/p>\n<\/p>\n<\/div>\n<div class=\"card\">\n    <img decoding=\"async\" src=\"\/wp-content\/uploads\/2026\/04\/guia-card-cies-004.jpg\" alt=\"Despois de comer no Restaurante Rodas\"><\/p>\n<p class=\"title-6 color-dorado\"><b>Despois de comer no Restaurante Rodas<\/b><\/p>\n<p class=\"body-s\">Plans para seguir explorando: rutas, miradoiros e praias que alongan a experiencia.<\/p>\n<\/p>\n<\/div>\n<div class=\"card\">\n    <img decoding=\"async\" src=\"\/wp-content\/uploads\/2026\/04\/guia-card-cies-002.jpg\" alt=\"Cultura e tradici\u00f3n\"><\/p>\n<p class=\"title-6 color-dorado\"><b>Cultura e tradici\u00f3n<\/b><\/p>\n<p class=\"body-s\">O v\u00ednculo entre o mar, o produto e a identidade do territorio.<\/p>\n<\/p>\n<\/div>\n<div class=\"card\">\n    <img decoding=\"async\" src=\"\/wp-content\/uploads\/2026\/04\/guia-card-cies-003.jpg\" alt=\"Informaci\u00f3n pr\u00e1ctica\"><\/p>\n<p class=\"title-6 color-dorado\"><b>Informaci\u00f3n pr\u00e1ctica<\/b><\/p>\n<p class=\"body-s\">Mapas, claves da contorna e recomendaci\u00f3ns para moverte con respecto nun espazo protexido.<\/p>\n<\/p>\n<\/div>\n<\/div>\n<\/div>\n<\/div>\n<\/div>\n<\/div>\n<\/div>\n<div  class=\"one withsmallpadding ppb_text\" style=\"padding:30px 0 30px 0;\" >\n<div class=\"standard_wrapper\">\n<div class=\"page_content_wrapper\">\n<div class=\"inner\">\n<div style=\"margin:auto;width:100%\">\n<div class=\"grid-tarjetas\">\n<div class=\"card\">\n    <img decoding=\"async\" src=\"\/wp-content\/uploads\/2026\/04\/guia-card-cies-001.jpg\" alt=\"Antes da t\u00faa visita\"><\/p>\n<p class=\"title-6 color-dorado\"><b>Antes da t\u00faa visita<\/b><\/p>\n<p class=\"body-s\">Que ver, como percorrer a illa e que non deber\u00edas perder na t\u00faa chegada.<\/p>\n<\/p>\n<\/div>\n<div class=\"card\">\n    <img decoding=\"async\" src=\"\/wp-content\/uploads\/2026\/04\/guia-card-cies-004.jpg\" alt=\"Despois de comer no Restaurante Rodas\"><\/p>\n<p class=\"title-6 color-dorado\"><b>Despois de comer no Restaurante Rodas<\/b><\/p>\n<p class=\"body-s\">Plans para seguir explorando: rutas, miradoiros e praias que alongan a experiencia.<\/p>\n<\/p>\n<\/div>\n<div class=\"card\">\n    <img decoding=\"async\" src=\"\/wp-content\/uploads\/2026\/04\/guia-card-cies-002.jpg\" alt=\"Cultura e tradici\u00f3n\"><\/p>\n<p class=\"title-6 color-dorado\"><b>Cultura e tradici\u00f3n<\/b><\/p>\n<p class=\"body-s\">O v\u00ednculo entre o mar, o produto e a identidade do territorio.<\/p>\n<\/p>\n<\/div>\n<div class=\"card\">\n    <img decoding=\"async\" src=\"\/wp-content\/uploads\/2026\/04\/guia-card-cies-003.jpg\" alt=\"Informaci\u00f3n pr\u00e1ctica\"><\/p>\n<p class=\"title-6 color-dorado\"><b>Informaci\u00f3n pr\u00e1ctica<\/b><\/p>\n<p class=\"body-s\">Mapas, claves da contorna e recomendaci\u00f3ns para moverte con respecto nun espazo protexido.<\/p>\n<\/p>\n<\/div>\n<\/div>\n<\/div>\n<\/div>\n<\/div>\n<\/div>\n<\/div>\n<div  class=\"one withsmallpadding ppb_text\" style=\"padding:30px 0 30px 0;\" >\n<div class=\"standard_wrapper\">\n<div class=\"page_content_wrapper\">\n<div class=\"inner\">\n<div style=\"margin:auto;width:100%\">\n<p><img loading=\"lazy\" decoding=\"async\" src=\"https:\/\/restauranterodas.es\/wp-content\/uploads\/2026\/04\/Rodi-el-robot-marinero.jpg\" alt=\"Rodi\" width=\"150\" height=\"150\" class=\"aligncenter size-full wp-image-39429\" \/><\/p>\n<h2 class=\"title-3\" style=\"text-align: center;\">Rodi, <span class=\"color-azul\">o teu asistente nas Illas C\u00edes<\/span><\/h2>\n<p class=\"body-l\" style=\"text-align: center;\"><b>Tes d\u00fabidas sobre a t\u00faa visita? Rodi est\u00e1 aqu\u00ed para axudarche.<\/b><\/p>\n<p class=\"body-m\" style=\"text-align: center;\">Desde como organizar o teu d\u00eda ata recomendaci\u00f3ns sobre rutas, horarios ou que pedir no Restaurante Rodas, poder\u00e1s resolver calquera pregunta ao momento.<\/p>\n<\/div>\n<\/div>\n<\/div>\n<\/div>\n<\/div>\n<div  class=\"one withsmallpadding ppb_text\" style=\"padding:30px 0 30px 0;\" >\n<div class=\"standard_wrapper\">\n<div class=\"page_content_wrapper\">\n<div class=\"inner\">\n<div style=\"margin:auto;width:100%\">\n<p><img loading=\"lazy\" decoding=\"async\" src=\"https:\/\/restauranterodas.es\/wp-content\/uploads\/2026\/04\/Rodi-el-robot-marinero.jpg\" alt=\"Rodi\" width=\"150\" height=\"150\" class=\"aligncenter size-full wp-image-39429\" \/><\/p>\n<h2 class=\"title-3\" style=\"text-align: center;\">Rodi, <span class=\"color-azul\">o teu asistente nas Illas C\u00edes<\/span><\/h2>\n<p class=\"body-l\" style=\"text-align: center;\"><b>Tes d\u00fabidas sobre a t\u00faa visita? Rodi est\u00e1 aqu\u00ed para axudarche.<\/b><\/p>\n<p class=\"body-m\" style=\"text-align: center;\">Desde como organizar o teu d\u00eda ata recomendaci\u00f3ns sobre rutas, horarios ou que pedir no Restaurante Rodas, poder\u00e1s resolver calquera pregunta ao momento.<\/p>\n<\/div>\n<\/div>\n<\/div>\n<\/div>\n<\/div>\n","protected":false},"excerpt":{"rendered":"<p>Comeza a viaxe antes de pisar as Illas C\u00edes As Illas C\u00edes non son s\u00f3 un destino. Son un espazo protexido onde natureza, historia e tradici\u00f3n conviven en equilibrio. Situadas na entrada da r\u00eda de Vigo, este arquip\u00e9lago forma parte [&hellip;]<\/p>\n","protected":false},"author":3,"featured_media":0,"parent":0,"menu_order":0,"comment_status":"closed","ping_status":"closed","template":"","meta":{"footnotes":""},"class_list":["post-40243","page","type-page","status-publish","hentry"],"yoast_head":"<!-- This site is optimized with the Yoast SEO plugin v28.3 - https:\/\/yoast.com\/product\/yoast-seo-wordpress\/ -->\n<title>Co\u00f1ece as C\u00edes - Restaurante Praia de Rodas, Illas C\u00edes<\/title>\n<meta name=\"robots\" content=\"index, follow, max-snippet:-1, max-image-preview:large, max-video-preview:-1\" \/>\n<link rel=\"canonical\" href=\"https:\/\/restauranterodas.es\/gl\/conece-as-cies\/\" \/>\n<meta property=\"og:locale\" content=\"gl_ES\" \/>\n<meta property=\"og:type\" content=\"article\" \/>\n<meta property=\"og:title\" content=\"Co\u00f1ece as C\u00edes - Restaurante Praia de Rodas, Illas C\u00edes\" \/>\n<meta property=\"og:description\" content=\"Comeza a viaxe antes de pisar as Illas C\u00edes As Illas C\u00edes non son s\u00f3 un destino. Son un espazo protexido onde natureza, historia e tradici\u00f3n conviven en equilibrio. Situadas na entrada da r\u00eda de Vigo, este arquip\u00e9lago forma parte [&hellip;]\" \/>\n<meta property=\"og:url\" content=\"https:\/\/restauranterodas.es\/gl\/conece-as-cies\/\" \/>\n<meta property=\"og:site_name\" content=\"Restaurante Praia de Rodas, Illas C\u00edes\" \/>\n<meta property=\"article:publisher\" content=\"https:\/\/www.facebook.com\/pg\/LaCandelaRestauranteVigo\/about\/\" \/>\n<meta property=\"article:modified_time\" content=\"2026-05-04T11:18:08+00:00\" \/>\n<meta property=\"og:image\" content=\"https:\/\/restauranterodas.es\/wp-content\/uploads\/2026\/04\/Rodi-el-robot-marinero.jpg\" \/>\n<meta name=\"twitter:card\" content=\"summary_large_image\" \/>\n<meta name=\"twitter:label1\" content=\"Est. reading time\" \/>\n\t<meta name=\"twitter:data1\" content=\"5 minutes\" \/>\n<script type=\"application\/ld+json\" class=\"yoast-schema-graph\">{\"@context\":\"https:\\\/\\\/schema.org\",\"@graph\":[{\"@type\":\"WebPage\",\"@id\":\"https:\\\/\\\/restauranterodas.es\\\/gl\\\/conece-as-cies\\\/\",\"url\":\"https:\\\/\\\/restauranterodas.es\\\/gl\\\/conece-as-cies\\\/\",\"name\":\"Co\u00f1ece as C\u00edes - Restaurante Praia de Rodas, Illas C\u00edes\",\"isPartOf\":{\"@id\":\"https:\\\/\\\/restauranterodas.es\\\/gl\\\/#website\"},\"primaryImageOfPage\":{\"@id\":\"https:\\\/\\\/restauranterodas.es\\\/gl\\\/conece-as-cies\\\/#primaryimage\"},\"image\":{\"@id\":\"https:\\\/\\\/restauranterodas.es\\\/gl\\\/conece-as-cies\\\/#primaryimage\"},\"thumbnailUrl\":\"https:\\\/\\\/restauranterodas.es\\\/wp-content\\\/uploads\\\/2026\\\/04\\\/Rodi-el-robot-marinero.jpg\",\"datePublished\":\"2026-04-20T06:16:52+00:00\",\"dateModified\":\"2026-05-04T11:18:08+00:00\",\"breadcrumb\":{\"@id\":\"https:\\\/\\\/restauranterodas.es\\\/gl\\\/conece-as-cies\\\/#breadcrumb\"},\"inLanguage\":\"gl-ES\",\"potentialAction\":[{\"@type\":\"ReadAction\",\"target\":[\"https:\\\/\\\/restauranterodas.es\\\/gl\\\/conece-as-cies\\\/\"]}]},{\"@type\":\"ImageObject\",\"inLanguage\":\"gl-ES\",\"@id\":\"https:\\\/\\\/restauranterodas.es\\\/gl\\\/conece-as-cies\\\/#primaryimage\",\"url\":\"https:\\\/\\\/restauranterodas.es\\\/wp-content\\\/uploads\\\/2026\\\/04\\\/Rodi-el-robot-marinero.jpg\",\"contentUrl\":\"https:\\\/\\\/restauranterodas.es\\\/wp-content\\\/uploads\\\/2026\\\/04\\\/Rodi-el-robot-marinero.jpg\"},{\"@type\":\"BreadcrumbList\",\"@id\":\"https:\\\/\\\/restauranterodas.es\\\/gl\\\/conece-as-cies\\\/#breadcrumb\",\"itemListElement\":[{\"@type\":\"ListItem\",\"position\":1,\"name\":\"Portada\",\"item\":\"https:\\\/\\\/restauranterodas.es\\\/gl\\\/\"},{\"@type\":\"ListItem\",\"position\":2,\"name\":\"Co\u00f1ece as C\u00edes\"}]},{\"@type\":\"WebSite\",\"@id\":\"https:\\\/\\\/restauranterodas.es\\\/gl\\\/#website\",\"url\":\"https:\\\/\\\/restauranterodas.es\\\/gl\\\/\",\"name\":\"Cocina Fusi\u00f3n Vigo - Restaurante Candela\",\"description\":\"\",\"publisher\":{\"@id\":\"https:\\\/\\\/restauranterodas.es\\\/gl\\\/#organization\"},\"potentialAction\":[{\"@type\":\"SearchAction\",\"target\":{\"@type\":\"EntryPoint\",\"urlTemplate\":\"https:\\\/\\\/restauranterodas.es\\\/gl\\\/?s={search_term_string}\"},\"query-input\":{\"@type\":\"PropertyValueSpecification\",\"valueRequired\":true,\"valueName\":\"search_term_string\"}}],\"inLanguage\":\"gl-ES\"},{\"@type\":\"Organization\",\"@id\":\"https:\\\/\\\/restauranterodas.es\\\/gl\\\/#organization\",\"name\":\"La Candela Cocina Fusi\u00f3n\",\"url\":\"https:\\\/\\\/restauranterodas.es\\\/gl\\\/\",\"logo\":{\"@type\":\"ImageObject\",\"inLanguage\":\"gl-ES\",\"@id\":\"https:\\\/\\\/restauranterodas.es\\\/gl\\\/#\\\/schema\\\/logo\\\/image\\\/\",\"url\":\"https:\\\/\\\/restauranterodas.es\\\/wp-content\\\/uploads\\\/2019\\\/07\\\/logo-fixed.png\",\"contentUrl\":\"https:\\\/\\\/restauranterodas.es\\\/wp-content\\\/uploads\\\/2019\\\/07\\\/logo-fixed.png\",\"width\":99,\"height\":32,\"caption\":\"La Candela Cocina Fusi\u00f3n\"},\"image\":{\"@id\":\"https:\\\/\\\/restauranterodas.es\\\/gl\\\/#\\\/schema\\\/logo\\\/image\\\/\"},\"sameAs\":[\"https:\\\/\\\/www.facebook.com\\\/pg\\\/LaCandelaRestauranteVigo\\\/about\\\/\"]}]}<\/script>\n<!-- \/ Yoast SEO plugin. -->","yoast_head_json":{"title":"Co\u00f1ece as C\u00edes - Restaurante Praia de Rodas, Illas C\u00edes","robots":{"index":"index","follow":"follow","max-snippet":"max-snippet:-1","max-image-preview":"max-image-preview:large","max-video-preview":"max-video-preview:-1"},"canonical":"https:\/\/restauranterodas.es\/gl\/conece-as-cies\/","og_locale":"gl_ES","og_type":"article","og_title":"Co\u00f1ece as C\u00edes - Restaurante Praia de Rodas, Illas C\u00edes","og_description":"Comeza a viaxe antes de pisar as Illas C\u00edes As Illas C\u00edes non son s\u00f3 un destino. Son un espazo protexido onde natureza, historia e tradici\u00f3n conviven en equilibrio. Situadas na entrada da r\u00eda de Vigo, este arquip\u00e9lago forma parte [&hellip;]","og_url":"https:\/\/restauranterodas.es\/gl\/conece-as-cies\/","og_site_name":"Restaurante Praia de Rodas, Illas C\u00edes","article_publisher":"https:\/\/www.facebook.com\/pg\/LaCandelaRestauranteVigo\/about\/","article_modified_time":"2026-05-04T11:18:08+00:00","og_image":[{"url":"https:\/\/restauranterodas.es\/wp-content\/uploads\/2026\/04\/Rodi-el-robot-marinero.jpg","type":"","width":"","height":""}],"twitter_card":"summary_large_image","twitter_misc":{"Est. reading time":"5 minutes"},"schema":{"@context":"https:\/\/schema.org","@graph":[{"@type":"WebPage","@id":"https:\/\/restauranterodas.es\/gl\/conece-as-cies\/","url":"https:\/\/restauranterodas.es\/gl\/conece-as-cies\/","name":"Co\u00f1ece as C\u00edes - Restaurante Praia de Rodas, Illas C\u00edes","isPartOf":{"@id":"https:\/\/restauranterodas.es\/gl\/#website"},"primaryImageOfPage":{"@id":"https:\/\/restauranterodas.es\/gl\/conece-as-cies\/#primaryimage"},"image":{"@id":"https:\/\/restauranterodas.es\/gl\/conece-as-cies\/#primaryimage"},"thumbnailUrl":"https:\/\/restauranterodas.es\/wp-content\/uploads\/2026\/04\/Rodi-el-robot-marinero.jpg","datePublished":"2026-04-20T06:16:52+00:00","dateModified":"2026-05-04T11:18:08+00:00","breadcrumb":{"@id":"https:\/\/restauranterodas.es\/gl\/conece-as-cies\/#breadcrumb"},"inLanguage":"gl-ES","potentialAction":[{"@type":"ReadAction","target":["https:\/\/restauranterodas.es\/gl\/conece-as-cies\/"]}]},{"@type":"ImageObject","inLanguage":"gl-ES","@id":"https:\/\/restauranterodas.es\/gl\/conece-as-cies\/#primaryimage","url":"https:\/\/restauranterodas.es\/wp-content\/uploads\/2026\/04\/Rodi-el-robot-marinero.jpg","contentUrl":"https:\/\/restauranterodas.es\/wp-content\/uploads\/2026\/04\/Rodi-el-robot-marinero.jpg"},{"@type":"BreadcrumbList","@id":"https:\/\/restauranterodas.es\/gl\/conece-as-cies\/#breadcrumb","itemListElement":[{"@type":"ListItem","position":1,"name":"Portada","item":"https:\/\/restauranterodas.es\/gl\/"},{"@type":"ListItem","position":2,"name":"Co\u00f1ece as C\u00edes"}]},{"@type":"WebSite","@id":"https:\/\/restauranterodas.es\/gl\/#website","url":"https:\/\/restauranterodas.es\/gl\/","name":"Cocina Fusi\u00f3n Vigo - Restaurante Candela","description":"","publisher":{"@id":"https:\/\/restauranterodas.es\/gl\/#organization"},"potentialAction":[{"@type":"SearchAction","target":{"@type":"EntryPoint","urlTemplate":"https:\/\/restauranterodas.es\/gl\/?s={search_term_string}"},"query-input":{"@type":"PropertyValueSpecification","valueRequired":true,"valueName":"search_term_string"}}],"inLanguage":"gl-ES"},{"@type":"Organization","@id":"https:\/\/restauranterodas.es\/gl\/#organization","name":"La Candela Cocina Fusi\u00f3n","url":"https:\/\/restauranterodas.es\/gl\/","logo":{"@type":"ImageObject","inLanguage":"gl-ES","@id":"https:\/\/restauranterodas.es\/gl\/#\/schema\/logo\/image\/","url":"https:\/\/restauranterodas.es\/wp-content\/uploads\/2019\/07\/logo-fixed.png","contentUrl":"https:\/\/restauranterodas.es\/wp-content\/uploads\/2019\/07\/logo-fixed.png","width":99,"height":32,"caption":"La Candela Cocina Fusi\u00f3n"},"image":{"@id":"https:\/\/restauranterodas.es\/gl\/#\/schema\/logo\/image\/"},"sameAs":["https:\/\/www.facebook.com\/pg\/LaCandelaRestauranteVigo\/about\/"]}]}},"_links":{"self":[{"href":"https:\/\/restauranterodas.es\/gl\/wp-json\/wp\/v2\/pages\/40243","targetHints":{"allow":["GET"]}}],"collection":[{"href":"https:\/\/restauranterodas.es\/gl\/wp-json\/wp\/v2\/pages"}],"about":[{"href":"https:\/\/restauranterodas.es\/gl\/wp-json\/wp\/v2\/types\/page"}],"author":[{"embeddable":true,"href":"https:\/\/restauranterodas.es\/gl\/wp-json\/wp\/v2\/users\/3"}],"replies":[{"embeddable":true,"href":"https:\/\/restauranterodas.es\/gl\/wp-json\/wp\/v2\/comments?post=40243"}],"version-history":[{"count":4,"href":"https:\/\/restauranterodas.es\/gl\/wp-json\/wp\/v2\/pages\/40243\/revisions"}],"predecessor-version":[{"id":40254,"href":"https:\/\/restauranterodas.es\/gl\/wp-json\/wp\/v2\/pages\/40243\/revisions\/40254"}],"wp:attachment":[{"href":"https:\/\/restauranterodas.es\/gl\/wp-json\/wp\/v2\/media?parent=40243"}],"curies":[{"name":"wp","href":"https:\/\/api.w.org\/{rel}","templated":true}]}}