{"id":40255,"date":"2026-04-20T15:41:38","date_gmt":"2026-04-20T13:41:38","guid":{"rendered":"https:\/\/restauranterodas.es\/cultura-y-tradicion\/"},"modified":"2026-05-04T13:25:00","modified_gmt":"2026-05-04T11:25:00","slug":"cultura-e-tradicion","status":"publish","type":"page","link":"https:\/\/restauranterodas.es\/gl\/cultura-e-tradicion\/","title":{"rendered":"Cultura e tradici\u00f3n"},"content":{"rendered":"<div  class=\"one withsmallpadding ppb_header \" style=\"text-align:left;padding:30px 0 30px 0;\" >\n<div class=\"standard_wrapper\">\n<div class=\"page_content_wrapper\">\n<div class=\"inner\">\n<div class=\"page_header_sep left\"><\/div>\n<\/p>\n<div class=\"box-tit-page\">\n<h1 class=\"title-1\" style=\"text-align: center;\">\n <b class=\"color-azul\">Cultura e tradici\u00f3n<\/b><\/h1>\n<h2 class=\"body-m color-azul\" style=\"text-align: center;\">O v\u00ednculo entre o mar, o produto e a identidade do territorio<\/h2>\n<\/div>\n<\/div>\n<\/div>\n<\/div>\n<\/div>\n<div  class=\"one withsmallpadding ppb_text\" style=\"padding:30px 0 30px 0;\" >\n<div class=\"standard_wrapper\">\n<div class=\"page_content_wrapper\">\n<div class=\"inner\">\n<div style=\"margin:auto;width:100%\">\n<p class=\"body-l color-dorado\"><em>Nas Illas C\u00edes, todo comeza no mar.<\/em><\/p>\n<p class=\"body-m\">Non \u00e9 unha forma de falar. \u00c9 unha realidade que definiu durante s\u00e9culos a forma de vivir, de traballar e de alimentarse nesta contorna. Antes de seren un destino natural protexido, as illas formaban parte dunha econom\u00eda ligada directamente aos recursos que ofrec\u00eda o Atl\u00e1ntico.<\/p>\n<p class=\"body-m\">Durante xeraci\u00f3ns, a actividade nas C\u00edes estivo <strong>centrada na pesca, no marisqueo e en pequenas explotaci\u00f3ns vinculadas ao mar<\/strong>. Tam\u00e9n existiron instalaci\u00f3ns de <strong>salgadura<\/strong>, onde se procesaba o peixe para a s\u00faa conservaci\u00f3n e distribuci\u00f3n. Era unha forma de vida esixente, marcada polo clima, polas mareas e pola necesidade de aproveitar ao m\u00e1ximo o que a contorna ofrec\u00eda.<\/p>\n<p class=\"body-m\">Ese contexto non desapareceu. Cambiou de forma, pero segue presente.<\/p>\n<\/div>\n<\/div>\n<\/div>\n<\/div>\n<\/div>\n<div  class=\"one withsmallpadding ppb_text\" style=\"padding:30px 0 30px 0;\" >\n<div class=\"standard_wrapper\">\n<div class=\"page_content_wrapper\">\n<div class=\"inner\">\n<div style=\"margin:auto;width:100%\">\n<p class=\"title-3 color-dorado\" style=\"text-align: left; \"><em>Ese contexto non desapareceu\u2026<\/em><\/p>\n<p class=\"title-3\" style=\"text-align: right;\"><em>Cambiou de forma, pero segue presente<\/em><\/p>\n<\/div>\n<\/div>\n<\/div>\n<\/div>\n<\/div>\n<div  class=\"one withsmallpadding ppb_text\" style=\"padding:30px 0 30px 0;\" >\n<div class=\"standard_wrapper\">\n<div class=\"page_content_wrapper\">\n<div class=\"inner\">\n<div style=\"margin:auto;width:100%\">\n<p class=\"title-3 color-dorado\" style=\"text-align: left; \"><em>Ese contexto non desapareceu\u2026<\/em><\/p>\n<p class=\"title-3\" style=\"text-align: right;\"><em>Cambiou de forma, pero segue presente<\/em><\/p>\n<\/div>\n<\/div>\n<\/div>\n<\/div>\n<\/div>\n<div  class=\"one withsmallpadding ppb_text\" style=\"padding:30px 0 30px 0;\" >\n<div class=\"standard_wrapper\">\n<div class=\"page_content_wrapper\">\n<div class=\"inner\">\n<div style=\"margin:auto;width:100%\">\n<p class=\"title-3 color-dorado\" style=\"text-align: left; \"><em>Ese contexto non desapareceu\u2026<\/em><\/p>\n<p class=\"title-3\" style=\"text-align: right;\"><em>Cambiou de forma, pero segue presente<\/em><\/p>\n<\/div>\n<\/div>\n<\/div>\n<\/div>\n<\/div>\n<div  class=\"one ppb_card_two_cols_with_image\" style=\"position:relative;padding:0px 0 0px 0;\" >\n<div class=\"standard_wrapper\">\n<div class=\"page_content_wrapper\">\n<div class=\"inner\">\n<div class=\"one_half parallax_scroll\" style=\"width:50%;position:absolute;left:90px;padding:0px;z-index:2;block !important;background:#fff;\" data-stellar-ratio=\"1.3\">\n<h2 class=\"title-3\">Unha contorna <span class=\"color-azul\">que condiciona o produto<\/span><\/h2>\n<p class=\"body-s\">O produto que se traballa neste territorio non \u00e9 intercambiable. Depende directamente do mar que o rodea. As <b>augas da r\u00eda de Vigo<\/b> e da contorna atl\u00e1ntica xeran unhas condici\u00f3ns moi concretas:<\/p>\n<p class=\"body-s\">Isto trad\u00facese en:<\/p>\n<ul class=\"body-s list-text\">\n<li aria-level=\"1\">Correntes ricas en nutrientes<\/li>\n<li aria-level=\"1\">Mestura de augas fr\u00edas e temperadas<\/li>\n<li aria-level=\"1\">Ecosistemas favorables para marisco e peixe<\/li>\n<\/ul>\n<p class=\"body-s\">Isto trad\u00facese en <b>materias primas con caracter\u00edsticas propias<\/b>, reco\u00f1ecibles e moi vinculadas ao lugar.<\/p>\n<\/div>\n<div class=\"one_half parallax_scroll_image last\" style=\"width:50%;\"><\/div>\n<p><br class=\"clear\"\/><\/div>\n<\/div>\n<\/div>\n<\/div>\n<div  class=\"one ppb_card_two_cols_with_image\" style=\"position:relative;padding:0px 0 0px 0;\" >\n<div class=\"standard_wrapper\">\n<div class=\"page_content_wrapper\">\n<div class=\"inner\">\n<div class=\"one_half parallax_scroll\" style=\"width:50%;position:absolute;left:90px;padding:0px;z-index:2;block !important;background:#fff;\" data-stellar-ratio=\"1.3\">\n<h2 class=\"title-3\">Unha contorna <span class=\"color-azul\">que condiciona o produto<\/span><\/h2>\n<p class=\"body-s\">O produto que se traballa neste territorio non \u00e9 intercambiable. Depende directamente do mar que o rodea. As <b>augas da r\u00eda de Vigo<\/b> e da contorna atl\u00e1ntica xeran unhas condici\u00f3ns moi concretas:<\/p>\n<p class=\"body-s\">Isto trad\u00facese en:<\/p>\n<ul class=\"body-s list-text\">\n<li aria-level=\"1\">Correntes ricas en nutrientes<\/li>\n<li aria-level=\"1\">Mestura de augas fr\u00edas e temperadas<\/li>\n<li aria-level=\"1\">Ecosistemas favorables para marisco e peixe<\/li>\n<\/ul>\n<p class=\"body-s\">Isto trad\u00facese en <b>materias primas con caracter\u00edsticas propias<\/b>, reco\u00f1ecibles e moi vinculadas ao lugar.<\/p>\n<\/div>\n<div class=\"one_half parallax_scroll_image last\" style=\"width:50%;\"><\/div>\n<p><br class=\"clear\"\/><\/div>\n<\/div>\n<\/div>\n<\/div>\n<div  class=\"one ppb_card_two_cols_with_image\" style=\"position:relative;padding:0px 0 0px 0;\" >\n<div class=\"standard_wrapper\">\n<div class=\"page_content_wrapper\">\n<div class=\"inner\">\n<div class=\"one_half parallax_scroll\" style=\"width:50%;position:absolute;left:90px;padding:0px;z-index:2;block !important;background:#fff;\" data-stellar-ratio=\"1.3\">\n<h3 class=\"title-3\">Da tradici\u00f3n <span class=\"color-azul\"> \u00e1 coci\u00f1a actual<\/span><\/h3>\n<p class=\"body-s\">A coci\u00f1a que atopas hoxe non \u00e9 unha r\u00e9plica do pasado, pero si est\u00e1 influ\u00edda por el.<\/p>\n<p class=\"body-s\">As t\u00e9cnicas evolucionaron, a presentaci\u00f3n cambiou e a experiencia adaptouse ao visitante actual. Pero a base segue sendo a mesma: <b>respecto polo produto, pola s\u00faa orixe e pola s\u00faa temporalidade.<\/b><\/p>\n<p class=\"body-s\">Nun lugar coma este, a coci\u00f1a non pode desvincularse da contorna sen perder sentido.<\/p>\n<p class=\"body-s\">E a\u00ed \u00e9 onde o <b>Restaurante Rodas<\/b> atopa o seu papel.<\/p>\n<\/div>\n<div class=\"one_half parallax_scroll_image last\" style=\"width:50%;\"><\/div>\n<p><br class=\"clear\"\/><\/div>\n<\/div>\n<\/div>\n<\/div>\n<div  class=\"one ppb_card_two_cols_with_image\" style=\"position:relative;padding:0px 0 0px 0;\" >\n<div class=\"standard_wrapper\">\n<div class=\"page_content_wrapper\">\n<div class=\"inner\">\n<div class=\"one_half parallax_scroll\" style=\"width:50%;position:absolute;left:90px;padding:0px;z-index:2;block !important;background:#fff;\" data-stellar-ratio=\"1.3\">\n<h3 class=\"title-3\">Da tradici\u00f3n <span class=\"color-azul\"> \u00e1 coci\u00f1a actual<\/span><\/h3>\n<p class=\"body-s\">A coci\u00f1a que atopas hoxe non \u00e9 unha r\u00e9plica do pasado, pero si est\u00e1 influ\u00edda por el.<\/p>\n<p class=\"body-s\">As t\u00e9cnicas evolucionaron, a presentaci\u00f3n cambiou e a experiencia adaptouse ao visitante actual. Pero a base segue sendo a mesma: <b>respecto polo produto, pola s\u00faa orixe e pola s\u00faa temporalidade.<\/b><\/p>\n<p class=\"body-s\">Nun lugar coma este, a coci\u00f1a non pode desvincularse da contorna sen perder sentido.<\/p>\n<p class=\"body-s\">E a\u00ed \u00e9 onde o <b>Restaurante Rodas<\/b> atopa o seu papel.<\/p>\n<\/div>\n<div class=\"one_half parallax_scroll_image last\" style=\"width:50%;\"><\/div>\n<p><br class=\"clear\"\/><\/div>\n<\/div>\n<\/div>\n<\/div>\n<div  class=\"one ppb_card_two_cols_with_image\" style=\"position:relative;padding:0px 0 0px 0;\" >\n<div class=\"standard_wrapper\">\n<div class=\"page_content_wrapper\">\n<div class=\"inner\">\n<div class=\"one_half parallax_scroll\" style=\"width:50%;position:absolute;left:90px;padding:0px;z-index:2;block !important;background:#fff;\" data-stellar-ratio=\"1.3\">\n<h3 class=\"title-3\">Da tradici\u00f3n <span class=\"color-azul\"> \u00e1 coci\u00f1a actual<\/span><\/h3>\n<p class=\"body-s\">A coci\u00f1a que atopas hoxe non \u00e9 unha r\u00e9plica do pasado, pero si est\u00e1 influ\u00edda por el.<\/p>\n<p class=\"body-s\">As t\u00e9cnicas evolucionaron, a presentaci\u00f3n cambiou e a experiencia adaptouse ao visitante actual. Pero a base segue sendo a mesma: <b>respecto polo produto, pola s\u00faa orixe e pola s\u00faa temporalidade.<\/b><\/p>\n<p class=\"body-s\">Nun lugar coma este, a coci\u00f1a non pode desvincularse da contorna sen perder sentido.<\/p>\n<p class=\"body-s\">E a\u00ed \u00e9 onde o <b>Restaurante Rodas<\/b> atopa o seu papel.<\/p>\n<\/div>\n<div class=\"one_half parallax_scroll_image last\" style=\"width:50%;\"><\/div>\n<p><br class=\"clear\"\/><\/div>\n<\/div>\n<\/div>\n<\/div>\n<div  class=\"one\" style=\"position:relative;padding:0px 0 0px 0;\" >\n<div class=\"one\"><\/div>\n<div class=\"one_half last parallax_scroll\" style=\"width:50%;position:absolute;left:90px;background:#fff;padding:0px;\" data-stellar-ratio=\"1.3\" data-stellar-vertical-offset=\"600\">\n<h2 class=\"title-3\">O marisco <span class=\"color-azul\"> como base da experiencia<\/span><\/h2>\n<p class=\"body-s\">En Galicia, o marisco non se entende como algo excepcional, sen\u00f3n como unha parte natural da mesa. Forma parte da maneira de comer, de celebrar e de compartir. Nas R\u00edas Baixas, e especialmente na contorna da r\u00eda de Vigo, esa relaci\u00f3n co mar \u00e9 a\u00ednda m\u00e1is evidente: o produto chega marcado polo Atl\u00e1ntico, polas mareas e por unha tradici\u00f3n mari\u00f1eira que segue moi presente na coci\u00f1a galega.<\/p>\n<p class=\"body-s\">Nunha visita \u00e1s Illas C\u00edes, esta conexi\u00f3n cobra a\u00ednda m\u00e1is sentido. Est\u00e1s nun territorio rodeado de mar, fronte a unha das r\u00edas m\u00e1is importantes de Galicia, e esa presenza trasl\u00e1dase directamente \u00e1 gastronom\u00eda. Comer marisco aqu\u00ed non \u00e9 s\u00f3 pedir un prato t\u00edpico: \u00e9 probar unha parte da paisaxe.<\/p>\n<\/div>\n<p><br class=\"clear\"\/><\/div>\n<div  class=\"one\" style=\"position:relative;padding:0px 0 0px 0;\" >\n<div class=\"one\"><\/div>\n<div class=\"one_half last parallax_scroll\" style=\"width:50%;position:absolute;left:90px;background:#fff;padding:0px;\" data-stellar-ratio=\"1.3\" data-stellar-vertical-offset=\"600\">\n<h2 class=\"title-3\">O marisco <span class=\"color-azul\"> como base da experiencia<\/span><\/h2>\n<p class=\"body-s\">En Galicia, o marisco non se entende como algo excepcional, sen\u00f3n como unha parte natural da mesa. Forma parte da maneira de comer, de celebrar e de compartir. Nas R\u00edas Baixas, e especialmente na contorna da r\u00eda de Vigo, esa relaci\u00f3n co mar \u00e9 a\u00ednda m\u00e1is evidente: o produto chega marcado polo Atl\u00e1ntico, polas mareas e por unha tradici\u00f3n mari\u00f1eira que segue moi presente na coci\u00f1a galega.<\/p>\n<p class=\"body-s\">Nunha visita \u00e1s Illas C\u00edes, esta conexi\u00f3n cobra a\u00ednda m\u00e1is sentido. Est\u00e1s nun territorio rodeado de mar, fronte a unha das r\u00edas m\u00e1is importantes de Galicia, e esa presenza trasl\u00e1dase directamente \u00e1 gastronom\u00eda. Comer marisco aqu\u00ed non \u00e9 s\u00f3 pedir un prato t\u00edpico: \u00e9 probar unha parte da paisaxe.<\/p>\n<\/div>\n<p><br class=\"clear\"\/><\/div>\n<div  class=\"one withsmallpadding ppb_text\" style=\"padding:30px 0 30px 0;\" >\n<div class=\"standard_wrapper\">\n<div class=\"page_content_wrapper\">\n<div class=\"inner\">\n<div style=\"margin:auto;width:100%\">\n<h3 class=\"title-3\" style=\"text-align: center;\">Mexill\u00f3ns, <span class=\"color-azul\">ameixas, navallas e zamburi\u00f1as<\/span><\/h3>\n<p class=\"body-m\" style=\"text-align: center;\">Dentro da cultura gastron\u00f3mica galega, hai produtos que funcionan case como unha carta de presentaci\u00f3n do territorio:<\/p>\n<\/div>\n<\/div>\n<\/div>\n<\/div>\n<\/div>\n<div  class=\"one withsmallpadding ppb_text\" style=\"padding:30px 0 30px 0;\" >\n<div class=\"standard_wrapper\">\n<div class=\"page_content_wrapper\">\n<div class=\"inner\">\n<div style=\"margin:auto;width:100%\">\n<div class=\"grid-tarjetas\">\n<div class=\"card\">\n<img decoding=\"async\" src=\"\/wp-content\/uploads\/2026\/04\/mejillones.jpg\" alt=\"mexill\u00f3ns\"><\/p>\n<p class=\"title-6 color-dorado\"><b>Mexill\u00f3ns<\/b><\/p>\n<p class=\"body-s\">Son un dos grandes s\u00edmbolos das r\u00edas galegas. Prep\u00e1ranse de forma sinxela, moitas veces ao vapor, precisamente porque non necesitan demasiado artificio. O importante est\u00e1 no sabor do propio produto.<\/p>\n<\/p>\n<\/div>\n<div class=\"card\">\n<img decoding=\"async\" src=\"\/wp-content\/uploads\/2026\/04\/almejas.jpg\" alt=\"Ameixas\"><\/p>\n<p class=\"title-6 color-dorado\"><b>Ameixas<\/b><\/p>\n<p class=\"body-s\">Conectan cunha coci\u00f1a m\u00e1is pausada, moi vinculada a guisos, salsas mari\u00f1eiras e elaboraci\u00f3ns tradicionais. Son un deses produtos que explican ben a relaci\u00f3n entre a coci\u00f1a galega e o fondo da r\u00eda.<\/p>\n<\/p>\n<\/div>\n<div class=\"card\">\n<img decoding=\"async\" src=\"\/wp-content\/uploads\/2026\/04\/navajas.jpg\" alt=\"Navallas\"><\/p>\n<p class=\"title-6 color-dorado\"><b>Navallas<\/b><\/p>\n<p class=\"body-s\">Te\u00f1en un sabor limpo, directo, moi reco\u00f1ecible. Adoitan prepararse \u00e1 prancha, con apenas un toque de aceite, allo ou lim\u00f3n, respectando esa idea tan galega de intervir pouco cando o produto \u00e9 bo.<\/p>\n<\/p>\n<\/div>\n<div class=\"card\">\n<img decoding=\"async\" src=\"\/wp-content\/uploads\/2026\/04\/zamburinas.jpg\" alt=\"Zamburi\u00f1as\"><\/p>\n<p class=\"title-6 color-dorado\"><b>Zamburi\u00f1as<\/b><\/p>\n<p class=\"body-s\">Ocup\u00e1n un lugar especial na mesa galega. Son pequenas, intensas e moi asociadas ao petisco de calidade. Funcionan moi ben como entrante porque convidan a compartir e a comezar a comida cun sabor claramente atl\u00e1ntico.<\/p>\n<\/p>\n<\/div>\n<\/div>\n<\/div>\n<\/div>\n<\/div>\n<\/div>\n<\/div>\n<div  class=\"one withsmallpadding ppb_text\" style=\"padding:30px 0 30px 0;\" >\n<div class=\"standard_wrapper\">\n<div class=\"page_content_wrapper\">\n<div class=\"inner\">\n<div style=\"margin:auto;width:100%\">\n<h2 class=\"title-3\">Pratos galegos <span class=\"color-azul\">que forman parte do percorrido<\/span><\/h2>\n<p class=\"body-s\">A coci\u00f1a galega non vive s\u00f3 do marisco. A s\u00faa forza est\u00e1 tam\u00e9n na maneira de combinar produto, tradici\u00f3n e xenerosidade. No Restaurante Rodas, esa idea trad\u00facese nunha carta pensada para a contorna: pratos locais, raci\u00f3ns para compartir e opci\u00f3ns que encaixan cunha xornada nas C\u00edes.<\/p>\n<details>\n<summary>\n<h3 class=\"title-6\"><b>Pulpo \u00e1 galega<\/b><\/h3>\n<\/summary>\n<div>\n<p class=\"body-s\">O polbo \u00e9, probablemente, un dos pratos m\u00e1is identificables de Galicia. Cocido no seu punto, cortado en rodelas e servido con aceite de oliva, sal grosa e pemento, resume moi ben a filosof\u00eda da coci\u00f1a galega: poucos ingredientes, produto protagonista e sabor directo.<\/p>\n<p class=\"body-s\">No contexto das C\u00edes, o polbo encaixa especialmente ben porque conecta con esa coci\u00f1a de costa. \u00c9 un prato imprescindible para quen visita Galicia por primeira vez, pero tam\u00e9n segue sendo un cl\u00e1sico para quen xa co\u00f1ece a gastronom\u00eda local.<\/p>\n<\/p>\n<\/div>\n<\/details>\n<details>\n<summary>\n<h3 class=\"title-6\"><b>Luras e chipir\u00f3ns<\/b><\/h3>\n<\/summary>\n<div>\n<p class=\"body-s\">As luras son outro deses pratos que funcionan moi ben. Te\u00f1en algo sinxelo e popular, pero tam\u00e9n moi ligado \u00e1 contorna: p\u00eddense para compartir, chegan ao centro da mesa e encaixan tanto como entrante como parte dunha comida m\u00e1is completa<\/p>\n<\/p>\n<\/div>\n<\/details>\n<details>\n<summary>\n<h3 class=\"title-6\"><b>Peixes da r\u00eda<\/b><\/h3>\n<\/summary>\n<div>\n<p class=\"body-s\">Falar de Galicia \u00e9 falar tam\u00e9n de peixe. Pescada, robaliza, rodaballo, sardi\u00f1a, xurelo ou peixe de tempada forman parte dunha tradici\u00f3n culinaria moi marcada pola dispo\u00f1ibilidade do mar.<\/p>\n<p class=\"body-s\">Neste tipo de coci\u00f1a, o peixe non necesita grandes disfraces. A prancha, o forno, o aceite de oliva, a pataca cocida ou unha gornici\u00f3n sinxela adoitan ser suficientes para constru\u00edr un prato con sentido. O importante \u00e9 respectar o produto e non tapar o seu sabor.<\/p>\n<p class=\"body-s\">No Restaurante Rodas, a presenza de peixes da r\u00eda de Vigo reforza esa conexi\u00f3n entre a carta e o territorio.<\/p>\n<\/p>\n<\/div>\n<\/details>\n<details>\n<summary>\n<h3 class=\"title-6\"><b>Pementos de Padr\u00f3n<\/b><\/h3>\n<\/summary>\n<div>\n<p class=\"body-s\">Os pementos de Padr\u00f3n son un dos entrantes m\u00e1is populares de Galicia. Pequenos, verdes, fritos e servidos con sal, te\u00f1en ese punto informal que encaixa moi ben nunha comida compartida.<\/p>\n<p class=\"body-s\">Son un prato sinxelo, pero moi cultural. Representan esa parte da gastronom\u00eda galega que non necesita solemnidade: unha mesa no centro, varias raci\u00f3ns e a conversa avanzando sen pr\u00e9sa.<\/p>\n<\/p>\n<\/div>\n<\/details>\n<details>\n<summary>\n<h3 class=\"title-6\"><b>Arroces, paellas e arroz con lumbrigante<\/b><\/h3>\n<\/summary>\n<div>\n<p class=\"body-s\">Os arroces te\u00f1en un papel interesante neste contexto. Non son o prato galego m\u00e1is tradicional en sentido estrito, pero si encaixan moi ben nunha coci\u00f1a mari\u00f1eira pensada para compartir.<\/p>\n<p class=\"body-s\">Unha paella ou un arroz con marisco funcionan como prato de grupo, de sobremesa e de ocasi\u00f3n. Nunha contorna como as C\u00edes, onde moitas visitas se viven en familia, en parella ou con amigos, este tipo de pratos axuda a converter a comida nun momento central do d\u00eda.<\/p>\n<\/p>\n<\/div>\n<\/details>\n<\/div>\n<\/div>\n<\/div>\n<\/div>\n<\/div>\n<div  class=\"one withsmallpadding ppb_text\" style=\"padding:30px 0 30px 0;\" >\n<div class=\"standard_wrapper\">\n<div class=\"page_content_wrapper\">\n<div class=\"inner\">\n<div style=\"margin:auto;width:100%\">\n<h2 class=\"title-3\">Gastronom\u00eda galega <span class=\"color-azul\">que non podes marchar sen probar<\/span><\/h2>\n<p class=\"body-s\">A\u00ednda que o marisco \u00e9 a base da experiencia nas C\u00edes, a gastronom\u00eda galega vai moito m\u00e1is al\u00e1. Hai pratos que completan esa identidade e que axudan a entender a coci\u00f1a do territorio no seu conxunto: unha mestura de mar e terra, de receitas sinxelas e de produto moi reco\u00f1ecible.<\/p>\n<details>\n<summary>\n<h3 class=\"title-6\"><b>N\u00e9coras<\/b><\/h3>\n<\/summary>\n<div>\n<p class=\"body-s\">As n\u00e9coras son un dos mariscos m\u00e1is valorados en Galicia. M\u00e1is intensas ca outros crust\u00e1ceos, te\u00f1en un sabor moi concentrado e caracter\u00edstico.<\/p>\n<p class=\"body-s\">Non sempre aparecen na carta de forma constante, porque dependen moito da tempada e da dispo\u00f1ibilidade, pero cando est\u00e1n, son unha das opci\u00f3ns m\u00e1is ligadas ao mar galego. Adoitan prepararse cocidas, sen apenas intervenci\u00f3n, precisamente para manter ese sabor tan marcado.<\/p>\n<\/p>\n<\/div>\n<\/details>\n<details>\n<summary>\n<h3 class=\"title-6\"><b>Tenreira galega<\/b><\/h3>\n<\/summary>\n<div>\n<p class=\"body-s\">Galicia non \u00e9 s\u00f3 costa. O interior ten un peso enorme na s\u00faa cultura gastron\u00f3mica, e a tenreira galega \u00e9 un dos seus grandes referentes.<\/p>\n<p class=\"body-s\">Carne de calidade, moi coidada, que adoita servirse \u00e1 prancha ou \u00e1 grella, sen demasiados condimentos. Nunha contorna como a das C\u00edes, este tipo de prato funciona como alternativa ao peixe e ao marisco, achegando equilibrio \u00e1 carta e ofrecendo opci\u00f3ns para todo tipo de visitante.<\/p>\n<\/p>\n<\/div>\n<\/details>\n<details>\n<summary>\n<h3 class=\"title-6\"><b>Guiso de acelgas<\/b><\/h3>\n<\/summary>\n<div>\n<p class=\"body-s\">Aqu\u00ed entramos na coci\u00f1a m\u00e1is tradicional, a da casa. O guiso de acelgas \u00e9 un exemplo claro desa gastronom\u00eda galega sinxela, baseada en verduras, pataca e elaboraci\u00f3ns lentas. Non \u00e9 un prato pensado para destacar visualmente, pero si para achegar sabor e coherencia \u00e1 mesa.<\/p>\n<p class=\"body-s\">Este tipo de receitas conectan coa parte m\u00e1is coti\u00e1 da coci\u00f1a galega, a que non sempre aparece nas gu\u00edas, pero que forma parte real do territorio.<\/p>\n<\/p>\n<\/div>\n<\/details>\n<details>\n<summary>\n<h3 class=\"title-6\"><b>Queixo tetilla con marmelo<\/b><\/h3>\n<\/summary>\n<div>\n<p class=\"body-s\">Un dos peches m\u00e1is cl\u00e1sicos en Galicia. O queixo tetilla, suave e cremoso, comb\u00ednase con marmelo para crear un contraste doce-salgado moi reco\u00f1ecible. \u00c9 unha forma sinxela de rematar a comida sen recorrer a sobremesas m\u00e1is elaboradas.<\/p>\n<p class=\"body-s\">Ademais, introduce outro elemento importante: os queixos galegos, que tam\u00e9n forman parte da identidade gastron\u00f3mica da comunidade.<\/p>\n<\/p>\n<\/div>\n<\/details>\n<details>\n<summary>\n<h3 class=\"title-6\"><b>Tarta galega de queixo ao forno<\/b><\/h3>\n<\/summary>\n<div>\n<p class=\"body-s\">A tarta de queixo ao forno, na s\u00faa versi\u00f3n galega, converteuse nunha das sobremesas m\u00e1is presentes nas cartas actuais.<\/p>\n<p class=\"body-s\">Textura cremosa, sabor intenso e un punto tostado na superficie que a fai especialmente reco\u00f1ecible. \u00c9 unha sobremesa que conecta tradici\u00f3n e tendencia: parte dunha base cl\u00e1sica, pero encaixa perfectamente co que o visitante busca hoxe.<\/p>\n<\/p>\n<\/div>\n<\/details>\n<\/div>\n<\/div>\n<\/div>\n<\/div>\n<\/div>\n<div  class=\"one withsmallpadding ppb_text\" style=\"padding:30px 0 30px 0;\" >\n<div class=\"standard_wrapper\">\n<div class=\"page_content_wrapper\">\n<div class=\"inner\">\n<div style=\"margin:auto;width:100%\">\n<h2 class=\"title-3\">Gastronom\u00eda galega <span class=\"color-azul\">que non podes marchar sen probar<\/span><\/h2>\n<p class=\"body-s\">A\u00ednda que o marisco \u00e9 a base da experiencia nas C\u00edes, a gastronom\u00eda galega vai moito m\u00e1is al\u00e1. Hai pratos que completan esa identidade e que axudan a entender a coci\u00f1a do territorio no seu conxunto: unha mestura de mar e terra, de receitas sinxelas e de produto moi reco\u00f1ecible.<\/p>\n<details>\n<summary>\n<h3 class=\"title-6\"><b>N\u00e9coras<\/b><\/h3>\n<\/summary>\n<div>\n<p class=\"body-s\">As n\u00e9coras son un dos mariscos m\u00e1is valorados en Galicia. M\u00e1is intensas ca outros crust\u00e1ceos, te\u00f1en un sabor moi concentrado e caracter\u00edstico.<\/p>\n<p class=\"body-s\">Non sempre aparecen na carta de forma constante, porque dependen moito da tempada e da dispo\u00f1ibilidade, pero cando est\u00e1n, son unha das opci\u00f3ns m\u00e1is ligadas ao mar galego. Adoitan prepararse cocidas, sen apenas intervenci\u00f3n, precisamente para manter ese sabor tan marcado.<\/p>\n<\/p>\n<\/div>\n<\/details>\n<details>\n<summary>\n<h3 class=\"title-6\"><b>Tenreira galega<\/b><\/h3>\n<\/summary>\n<div>\n<p class=\"body-s\">Galicia non \u00e9 s\u00f3 costa. O interior ten un peso enorme na s\u00faa cultura gastron\u00f3mica, e a tenreira galega \u00e9 un dos seus grandes referentes.<\/p>\n<p class=\"body-s\">Carne de calidade, moi coidada, que adoita servirse \u00e1 prancha ou \u00e1 grella, sen demasiados condimentos. Nunha contorna como a das C\u00edes, este tipo de prato funciona como alternativa ao peixe e ao marisco, achegando equilibrio \u00e1 carta e ofrecendo opci\u00f3ns para todo tipo de visitante.<\/p>\n<\/p>\n<\/div>\n<\/details>\n<details>\n<summary>\n<h3 class=\"title-6\"><b>Guiso de acelgas<\/b><\/h3>\n<\/summary>\n<div>\n<p class=\"body-s\">Aqu\u00ed entramos na coci\u00f1a m\u00e1is tradicional, a da casa. O guiso de acelgas \u00e9 un exemplo claro desa gastronom\u00eda galega sinxela, baseada en verduras, pataca e elaboraci\u00f3ns lentas. Non \u00e9 un prato pensado para destacar visualmente, pero si para achegar sabor e coherencia \u00e1 mesa.<\/p>\n<p class=\"body-s\">Este tipo de receitas conectan coa parte m\u00e1is coti\u00e1 da coci\u00f1a galega, a que non sempre aparece nas gu\u00edas, pero que forma parte real do territorio.<\/p>\n<\/p>\n<\/div>\n<\/details>\n<details>\n<summary>\n<h3 class=\"title-6\"><b>Queixo tetilla con marmelo<\/b><\/h3>\n<\/summary>\n<div>\n<p class=\"body-s\">Un dos peches m\u00e1is cl\u00e1sicos en Galicia. O queixo tetilla, suave e cremoso, comb\u00ednase con marmelo para crear un contraste doce-salgado moi reco\u00f1ecible. \u00c9 unha forma sinxela de rematar a comida sen recorrer a sobremesas m\u00e1is elaboradas.<\/p>\n<p class=\"body-s\">Ademais, introduce outro elemento importante: os queixos galegos, que tam\u00e9n forman parte da identidade gastron\u00f3mica da comunidade.<\/p>\n<\/p>\n<\/div>\n<\/details>\n<details>\n<summary>\n<h3 class=\"title-6\"><b>Tarta galega de queixo ao forno<\/b><\/h3>\n<\/summary>\n<div>\n<p class=\"body-s\">A tarta de queixo ao forno, na s\u00faa versi\u00f3n galega, converteuse nunha das sobremesas m\u00e1is presentes nas cartas actuais.<\/p>\n<p class=\"body-s\">Textura cremosa, sabor intenso e un punto tostado na superficie que a fai especialmente reco\u00f1ecible. \u00c9 unha sobremesa que conecta tradici\u00f3n e tendencia: parte dunha base cl\u00e1sica, pero encaixa perfectamente co que o visitante busca hoxe.<\/p>\n<\/p>\n<\/div>\n<\/details>\n<\/div>\n<\/div>\n<\/div>\n<\/div>\n<\/div>\n<div  class=\"one withsmallpadding ppb_text\" style=\"padding:30px 0 30px 0;\" >\n<div class=\"standard_wrapper\">\n<div class=\"page_content_wrapper\">\n<div class=\"inner\">\n<div style=\"margin:auto;width:100%\">\n<h2 class=\"title-3\">Gastronom\u00eda galega <span class=\"color-azul\">que non podes marchar sen probar<\/span><\/h2>\n<p class=\"body-s\">A\u00ednda que o marisco \u00e9 a base da experiencia nas C\u00edes, a gastronom\u00eda galega vai moito m\u00e1is al\u00e1. Hai pratos que completan esa identidade e que axudan a entender a coci\u00f1a do territorio no seu conxunto: unha mestura de mar e terra, de receitas sinxelas e de produto moi reco\u00f1ecible.<\/p>\n<details>\n<summary>\n<h3 class=\"title-6\"><b>N\u00e9coras<\/b><\/h3>\n<\/summary>\n<div>\n<p class=\"body-s\">As n\u00e9coras son un dos mariscos m\u00e1is valorados en Galicia. M\u00e1is intensas ca outros crust\u00e1ceos, te\u00f1en un sabor moi concentrado e caracter\u00edstico.<\/p>\n<p class=\"body-s\">Non sempre aparecen na carta de forma constante, porque dependen moito da tempada e da dispo\u00f1ibilidade, pero cando est\u00e1n, son unha das opci\u00f3ns m\u00e1is ligadas ao mar galego. Adoitan prepararse cocidas, sen apenas intervenci\u00f3n, precisamente para manter ese sabor tan marcado.<\/p>\n<\/p>\n<\/div>\n<\/details>\n<details>\n<summary>\n<h3 class=\"title-6\"><b>Tenreira galega<\/b><\/h3>\n<\/summary>\n<div>\n<p class=\"body-s\">Galicia non \u00e9 s\u00f3 costa. O interior ten un peso enorme na s\u00faa cultura gastron\u00f3mica, e a tenreira galega \u00e9 un dos seus grandes referentes.<\/p>\n<p class=\"body-s\">Carne de calidade, moi coidada, que adoita servirse \u00e1 prancha ou \u00e1 grella, sen demasiados condimentos. Nunha contorna como a das C\u00edes, este tipo de prato funciona como alternativa ao peixe e ao marisco, achegando equilibrio \u00e1 carta e ofrecendo opci\u00f3ns para todo tipo de visitante.<\/p>\n<\/p>\n<\/div>\n<\/details>\n<details>\n<summary>\n<h3 class=\"title-6\"><b>Guiso de acelgas<\/b><\/h3>\n<\/summary>\n<div>\n<p class=\"body-s\">Aqu\u00ed entramos na coci\u00f1a m\u00e1is tradicional, a da casa. O guiso de acelgas \u00e9 un exemplo claro desa gastronom\u00eda galega sinxela, baseada en verduras, pataca e elaboraci\u00f3ns lentas. Non \u00e9 un prato pensado para destacar visualmente, pero si para achegar sabor e coherencia \u00e1 mesa.<\/p>\n<p class=\"body-s\">Este tipo de receitas conectan coa parte m\u00e1is coti\u00e1 da coci\u00f1a galega, a que non sempre aparece nas gu\u00edas, pero que forma parte real do territorio.<\/p>\n<\/p>\n<\/div>\n<\/details>\n<details>\n<summary>\n<h3 class=\"title-6\"><b>Queixo tetilla con marmelo<\/b><\/h3>\n<\/summary>\n<div>\n<p class=\"body-s\">Un dos peches m\u00e1is cl\u00e1sicos en Galicia. O queixo tetilla, suave e cremoso, comb\u00ednase con marmelo para crear un contraste doce-salgado moi reco\u00f1ecible. \u00c9 unha forma sinxela de rematar a comida sen recorrer a sobremesas m\u00e1is elaboradas.<\/p>\n<p class=\"body-s\">Ademais, introduce outro elemento importante: os queixos galegos, que tam\u00e9n forman parte da identidade gastron\u00f3mica da comunidade.<\/p>\n<\/p>\n<\/div>\n<\/details>\n<details>\n<summary>\n<h3 class=\"title-6\"><b>Tarta galega de queixo ao forno<\/b><\/h3>\n<\/summary>\n<div>\n<p class=\"body-s\">A tarta de queixo ao forno, na s\u00faa versi\u00f3n galega, converteuse nunha das sobremesas m\u00e1is presentes nas cartas actuais.<\/p>\n<p class=\"body-s\">Textura cremosa, sabor intenso e un punto tostado na superficie que a fai especialmente reco\u00f1ecible. \u00c9 unha sobremesa que conecta tradici\u00f3n e tendencia: parte dunha base cl\u00e1sica, pero encaixa perfectamente co que o visitante busca hoxe.<\/p>\n<\/p>\n<\/div>\n<\/details>\n<\/div>\n<\/div>\n<\/div>\n<\/div>\n<\/div>\n<div  class=\"one\" style=\"position:relative;padding:0px 0 0px 0;\" >\n<div class=\"one\"><\/div>\n<div class=\"one_half last parallax_scroll\" style=\"width:50%;position:absolute;left:90px;background:#fff;padding:0px;\" data-stellar-ratio=\"1.3\" data-stellar-vertical-offset=\"600\">\n<h2 class=\"title-3\">Unha coci\u00f1a galega <span class=\"color-azul\"> pensada para compartir<\/span><\/h2>\n<p class=\"body-s\">Un dos trazos m\u00e1is importantes da gastronom\u00eda galega \u00e9 que se goza moito en formato compartido. Non todo xira arredor dun prato individual. Moitas veces a experiencia est\u00e1 en pedir varias raci\u00f3ns, probar un pouco de todo e deixar que a mesa se constr\u00faa entre marisco, entrantes, peixe, pan e vi\u00f1o.<\/p>\n<p class=\"body-s\">Esa forma de comer encaixa moi ben cunha visita \u00e1s Illas C\u00edes. Despois de cami\u00f1ar, ba\u00f1arse ou percorrer alg\u00fan dos sendeiros, a comida non funciona s\u00f3 como pausa: conv\u00e9rtese en parte do plan.<\/p>\n<\/div>\n<p><br class=\"clear\"\/><\/div>\n<div  class=\"one\" style=\"position:relative;padding:0px 0 0px 0;\" >\n<div class=\"one\"><\/div>\n<div class=\"one_half last parallax_scroll\" style=\"width:50%;position:absolute;left:90px;background:#fff;padding:0px;\" data-stellar-ratio=\"1.3\" data-stellar-vertical-offset=\"600\">\n<h2 class=\"title-3\">Unha coci\u00f1a galega <span class=\"color-azul\"> pensada para compartir<\/span><\/h2>\n<p class=\"body-s\">Un dos trazos m\u00e1is importantes da gastronom\u00eda galega \u00e9 que se goza moito en formato compartido. Non todo xira arredor dun prato individual. Moitas veces a experiencia est\u00e1 en pedir varias raci\u00f3ns, probar un pouco de todo e deixar que a mesa se constr\u00faa entre marisco, entrantes, peixe, pan e vi\u00f1o.<\/p>\n<p class=\"body-s\">Esa forma de comer encaixa moi ben cunha visita \u00e1s Illas C\u00edes. Despois de cami\u00f1ar, ba\u00f1arse ou percorrer alg\u00fan dos sendeiros, a comida non funciona s\u00f3 como pausa: conv\u00e9rtese en parte do plan.<\/p>\n<\/div>\n<p><br class=\"clear\"\/><\/div>\n<div  class=\"one withsmallpadding ppb_text\" style=\"padding:30px 0 30px 0;\" >\n<div class=\"standard_wrapper\">\n<div class=\"page_content_wrapper\">\n<div class=\"inner\">\n<div style=\"margin:auto;width:100%\">\n<p><img decoding=\"async\" class=\"aligncenter\" src=\"https:\/\/restauranterodas.es\/wp-content\/uploads\/2026\/04\/icono-logo-rodas.png\" alt=\"Restaurante Rodas nas C\u00edes\" width=\"150\" \/><\/p>\n<h3 class=\"title-3\" style=\"text-align: center;\">O Restaurante Rodas <span class=\"color-azul\">dentro da t\u00faa ruta do sabor<\/span><\/h3>\n<p class=\"body-m\" style=\"text-align: center;\">Rodas non \u00e9 un restaurante illado dentro dunha contorna tur\u00edstica. Forma parte dese equilibrio entre territorio, produto e experiencia.<\/p>\n<p class=\"body-m\" style=\"text-align: center;\">O que se serve na mesa non se entende de todo se non se ten en conta o que hai arredor: o mar, a tradici\u00f3n, a orixe do produto.<\/p>\n<\/div>\n<\/div>\n<\/div>\n<\/div>\n<\/div>\n<div  class=\"one withsmallpadding ppb_text\" style=\"padding:30px 0 30px 0;\" >\n<div class=\"standard_wrapper\">\n<div class=\"page_content_wrapper\">\n<div class=\"inner\">\n<div style=\"margin:auto;width:100%\">\n<p><img decoding=\"async\" class=\"aligncenter\" src=\"https:\/\/restauranterodas.es\/wp-content\/uploads\/2026\/04\/icono-logo-rodas.png\" alt=\"Restaurante Rodas nas C\u00edes\" width=\"150\" \/><\/p>\n<h3 class=\"title-3\" style=\"text-align: center;\">O Restaurante Rodas <span class=\"color-azul\">dentro da t\u00faa ruta do sabor<\/span><\/h3>\n<p class=\"body-m\" style=\"text-align: center;\">Rodas non \u00e9 un restaurante illado dentro dunha contorna tur\u00edstica. Forma parte dese equilibrio entre territorio, produto e experiencia.<\/p>\n<p class=\"body-m\" style=\"text-align: center;\">O que se serve na mesa non se entende de todo se non se ten en conta o que hai arredor: o mar, a tradici\u00f3n, a orixe do produto.<\/p>\n<\/div>\n<\/div>\n<\/div>\n<\/div>\n<\/div>\n","protected":false},"excerpt":{"rendered":"<p>Cultura e tradici\u00f3n O v\u00ednculo entre o mar, o produto e a identidade do territorio Nas Illas C\u00edes, todo comeza no mar. Non \u00e9 unha forma de falar. \u00c9 unha realidade que definiu durante s\u00e9culos a forma de vivir, de [&hellip;]<\/p>\n","protected":false},"author":1,"featured_media":0,"parent":0,"menu_order":0,"comment_status":"closed","ping_status":"closed","template":"","meta":{"footnotes":""},"class_list":["post-40255","page","type-page","status-publish","hentry"],"yoast_head":"<!-- This site is optimized with the Yoast SEO plugin v28.3 - https:\/\/yoast.com\/product\/yoast-seo-wordpress\/ -->\n<title>Cultura e tradici\u00f3n - Restaurante Praia de Rodas, Illas C\u00edes<\/title>\n<meta name=\"robots\" content=\"index, follow, max-snippet:-1, max-image-preview:large, max-video-preview:-1\" \/>\n<link rel=\"canonical\" href=\"https:\/\/restauranterodas.es\/gl\/cultura-e-tradicion\/\" \/>\n<meta property=\"og:locale\" content=\"gl_ES\" \/>\n<meta property=\"og:type\" content=\"article\" \/>\n<meta property=\"og:title\" content=\"Cultura e tradici\u00f3n - Restaurante Praia de Rodas, Illas C\u00edes\" \/>\n<meta property=\"og:description\" content=\"Cultura e tradici\u00f3n O v\u00ednculo entre o mar, o produto e a identidade do territorio Nas Illas C\u00edes, todo comeza no mar. Non \u00e9 unha forma de falar. \u00c9 unha realidade que definiu durante s\u00e9culos a forma de vivir, de [&hellip;]\" \/>\n<meta property=\"og:url\" content=\"https:\/\/restauranterodas.es\/gl\/cultura-e-tradicion\/\" \/>\n<meta property=\"og:site_name\" content=\"Restaurante Praia de Rodas, Illas C\u00edes\" \/>\n<meta property=\"article:publisher\" content=\"https:\/\/www.facebook.com\/pg\/LaCandelaRestauranteVigo\/about\/\" \/>\n<meta property=\"article:modified_time\" content=\"2026-05-04T11:25:00+00:00\" \/>\n<meta property=\"og:image\" content=\"https:\/\/restauranterodas.es\/wp-content\/uploads\/2026\/04\/icono-logo-rodas.png\" \/>\n<meta name=\"twitter:card\" content=\"summary_large_image\" \/>\n<meta name=\"twitter:label1\" content=\"Est. reading time\" \/>\n\t<meta name=\"twitter:data1\" content=\"15 minutes\" \/>\n<script type=\"application\/ld+json\" class=\"yoast-schema-graph\">{\"@context\":\"https:\\\/\\\/schema.org\",\"@graph\":[{\"@type\":\"WebPage\",\"@id\":\"https:\\\/\\\/restauranterodas.es\\\/gl\\\/cultura-e-tradicion\\\/\",\"url\":\"https:\\\/\\\/restauranterodas.es\\\/gl\\\/cultura-e-tradicion\\\/\",\"name\":\"Cultura e tradici\u00f3n - Restaurante Praia de Rodas, Illas C\u00edes\",\"isPartOf\":{\"@id\":\"https:\\\/\\\/restauranterodas.es\\\/gl\\\/#website\"},\"primaryImageOfPage\":{\"@id\":\"https:\\\/\\\/restauranterodas.es\\\/gl\\\/cultura-e-tradicion\\\/#primaryimage\"},\"image\":{\"@id\":\"https:\\\/\\\/restauranterodas.es\\\/gl\\\/cultura-e-tradicion\\\/#primaryimage\"},\"thumbnailUrl\":\"https:\\\/\\\/restauranterodas.es\\\/wp-content\\\/uploads\\\/2026\\\/04\\\/icono-logo-rodas.png\",\"datePublished\":\"2026-04-20T13:41:38+00:00\",\"dateModified\":\"2026-05-04T11:25:00+00:00\",\"breadcrumb\":{\"@id\":\"https:\\\/\\\/restauranterodas.es\\\/gl\\\/cultura-e-tradicion\\\/#breadcrumb\"},\"inLanguage\":\"gl-ES\",\"potentialAction\":[{\"@type\":\"ReadAction\",\"target\":[\"https:\\\/\\\/restauranterodas.es\\\/gl\\\/cultura-e-tradicion\\\/\"]}]},{\"@type\":\"ImageObject\",\"inLanguage\":\"gl-ES\",\"@id\":\"https:\\\/\\\/restauranterodas.es\\\/gl\\\/cultura-e-tradicion\\\/#primaryimage\",\"url\":\"https:\\\/\\\/restauranterodas.es\\\/wp-content\\\/uploads\\\/2026\\\/04\\\/icono-logo-rodas.png\",\"contentUrl\":\"https:\\\/\\\/restauranterodas.es\\\/wp-content\\\/uploads\\\/2026\\\/04\\\/icono-logo-rodas.png\"},{\"@type\":\"BreadcrumbList\",\"@id\":\"https:\\\/\\\/restauranterodas.es\\\/gl\\\/cultura-e-tradicion\\\/#breadcrumb\",\"itemListElement\":[{\"@type\":\"ListItem\",\"position\":1,\"name\":\"Portada\",\"item\":\"https:\\\/\\\/restauranterodas.es\\\/gl\\\/\"},{\"@type\":\"ListItem\",\"position\":2,\"name\":\"Cultura e tradici\u00f3n\"}]},{\"@type\":\"WebSite\",\"@id\":\"https:\\\/\\\/restauranterodas.es\\\/gl\\\/#website\",\"url\":\"https:\\\/\\\/restauranterodas.es\\\/gl\\\/\",\"name\":\"Cocina Fusi\u00f3n Vigo - Restaurante Candela\",\"description\":\"\",\"publisher\":{\"@id\":\"https:\\\/\\\/restauranterodas.es\\\/gl\\\/#organization\"},\"potentialAction\":[{\"@type\":\"SearchAction\",\"target\":{\"@type\":\"EntryPoint\",\"urlTemplate\":\"https:\\\/\\\/restauranterodas.es\\\/gl\\\/?s={search_term_string}\"},\"query-input\":{\"@type\":\"PropertyValueSpecification\",\"valueRequired\":true,\"valueName\":\"search_term_string\"}}],\"inLanguage\":\"gl-ES\"},{\"@type\":\"Organization\",\"@id\":\"https:\\\/\\\/restauranterodas.es\\\/gl\\\/#organization\",\"name\":\"La Candela Cocina Fusi\u00f3n\",\"url\":\"https:\\\/\\\/restauranterodas.es\\\/gl\\\/\",\"logo\":{\"@type\":\"ImageObject\",\"inLanguage\":\"gl-ES\",\"@id\":\"https:\\\/\\\/restauranterodas.es\\\/gl\\\/#\\\/schema\\\/logo\\\/image\\\/\",\"url\":\"https:\\\/\\\/restauranterodas.es\\\/wp-content\\\/uploads\\\/2019\\\/07\\\/logo-fixed.png\",\"contentUrl\":\"https:\\\/\\\/restauranterodas.es\\\/wp-content\\\/uploads\\\/2019\\\/07\\\/logo-fixed.png\",\"width\":99,\"height\":32,\"caption\":\"La Candela Cocina Fusi\u00f3n\"},\"image\":{\"@id\":\"https:\\\/\\\/restauranterodas.es\\\/gl\\\/#\\\/schema\\\/logo\\\/image\\\/\"},\"sameAs\":[\"https:\\\/\\\/www.facebook.com\\\/pg\\\/LaCandelaRestauranteVigo\\\/about\\\/\"]}]}<\/script>\n<!-- \/ Yoast SEO plugin. -->","yoast_head_json":{"title":"Cultura e tradici\u00f3n - Restaurante Praia de Rodas, Illas C\u00edes","robots":{"index":"index","follow":"follow","max-snippet":"max-snippet:-1","max-image-preview":"max-image-preview:large","max-video-preview":"max-video-preview:-1"},"canonical":"https:\/\/restauranterodas.es\/gl\/cultura-e-tradicion\/","og_locale":"gl_ES","og_type":"article","og_title":"Cultura e tradici\u00f3n - Restaurante Praia de Rodas, Illas C\u00edes","og_description":"Cultura e tradici\u00f3n O v\u00ednculo entre o mar, o produto e a identidade do territorio Nas Illas C\u00edes, todo comeza no mar. Non \u00e9 unha forma de falar. \u00c9 unha realidade que definiu durante s\u00e9culos a forma de vivir, de [&hellip;]","og_url":"https:\/\/restauranterodas.es\/gl\/cultura-e-tradicion\/","og_site_name":"Restaurante Praia de Rodas, Illas C\u00edes","article_publisher":"https:\/\/www.facebook.com\/pg\/LaCandelaRestauranteVigo\/about\/","article_modified_time":"2026-05-04T11:25:00+00:00","og_image":[{"url":"https:\/\/restauranterodas.es\/wp-content\/uploads\/2026\/04\/icono-logo-rodas.png","type":"","width":"","height":""}],"twitter_card":"summary_large_image","twitter_misc":{"Est. reading time":"15 minutes"},"schema":{"@context":"https:\/\/schema.org","@graph":[{"@type":"WebPage","@id":"https:\/\/restauranterodas.es\/gl\/cultura-e-tradicion\/","url":"https:\/\/restauranterodas.es\/gl\/cultura-e-tradicion\/","name":"Cultura e tradici\u00f3n - Restaurante Praia de Rodas, Illas C\u00edes","isPartOf":{"@id":"https:\/\/restauranterodas.es\/gl\/#website"},"primaryImageOfPage":{"@id":"https:\/\/restauranterodas.es\/gl\/cultura-e-tradicion\/#primaryimage"},"image":{"@id":"https:\/\/restauranterodas.es\/gl\/cultura-e-tradicion\/#primaryimage"},"thumbnailUrl":"https:\/\/restauranterodas.es\/wp-content\/uploads\/2026\/04\/icono-logo-rodas.png","datePublished":"2026-04-20T13:41:38+00:00","dateModified":"2026-05-04T11:25:00+00:00","breadcrumb":{"@id":"https:\/\/restauranterodas.es\/gl\/cultura-e-tradicion\/#breadcrumb"},"inLanguage":"gl-ES","potentialAction":[{"@type":"ReadAction","target":["https:\/\/restauranterodas.es\/gl\/cultura-e-tradicion\/"]}]},{"@type":"ImageObject","inLanguage":"gl-ES","@id":"https:\/\/restauranterodas.es\/gl\/cultura-e-tradicion\/#primaryimage","url":"https:\/\/restauranterodas.es\/wp-content\/uploads\/2026\/04\/icono-logo-rodas.png","contentUrl":"https:\/\/restauranterodas.es\/wp-content\/uploads\/2026\/04\/icono-logo-rodas.png"},{"@type":"BreadcrumbList","@id":"https:\/\/restauranterodas.es\/gl\/cultura-e-tradicion\/#breadcrumb","itemListElement":[{"@type":"ListItem","position":1,"name":"Portada","item":"https:\/\/restauranterodas.es\/gl\/"},{"@type":"ListItem","position":2,"name":"Cultura e tradici\u00f3n"}]},{"@type":"WebSite","@id":"https:\/\/restauranterodas.es\/gl\/#website","url":"https:\/\/restauranterodas.es\/gl\/","name":"Cocina Fusi\u00f3n Vigo - Restaurante Candela","description":"","publisher":{"@id":"https:\/\/restauranterodas.es\/gl\/#organization"},"potentialAction":[{"@type":"SearchAction","target":{"@type":"EntryPoint","urlTemplate":"https:\/\/restauranterodas.es\/gl\/?s={search_term_string}"},"query-input":{"@type":"PropertyValueSpecification","valueRequired":true,"valueName":"search_term_string"}}],"inLanguage":"gl-ES"},{"@type":"Organization","@id":"https:\/\/restauranterodas.es\/gl\/#organization","name":"La Candela Cocina Fusi\u00f3n","url":"https:\/\/restauranterodas.es\/gl\/","logo":{"@type":"ImageObject","inLanguage":"gl-ES","@id":"https:\/\/restauranterodas.es\/gl\/#\/schema\/logo\/image\/","url":"https:\/\/restauranterodas.es\/wp-content\/uploads\/2019\/07\/logo-fixed.png","contentUrl":"https:\/\/restauranterodas.es\/wp-content\/uploads\/2019\/07\/logo-fixed.png","width":99,"height":32,"caption":"La Candela Cocina Fusi\u00f3n"},"image":{"@id":"https:\/\/restauranterodas.es\/gl\/#\/schema\/logo\/image\/"},"sameAs":["https:\/\/www.facebook.com\/pg\/LaCandelaRestauranteVigo\/about\/"]}]}},"_links":{"self":[{"href":"https:\/\/restauranterodas.es\/gl\/wp-json\/wp\/v2\/pages\/40255","targetHints":{"allow":["GET"]}}],"collection":[{"href":"https:\/\/restauranterodas.es\/gl\/wp-json\/wp\/v2\/pages"}],"about":[{"href":"https:\/\/restauranterodas.es\/gl\/wp-json\/wp\/v2\/types\/page"}],"author":[{"embeddable":true,"href":"https:\/\/restauranterodas.es\/gl\/wp-json\/wp\/v2\/users\/1"}],"replies":[{"embeddable":true,"href":"https:\/\/restauranterodas.es\/gl\/wp-json\/wp\/v2\/comments?post=40255"}],"version-history":[{"count":4,"href":"https:\/\/restauranterodas.es\/gl\/wp-json\/wp\/v2\/pages\/40255\/revisions"}],"predecessor-version":[{"id":40259,"href":"https:\/\/restauranterodas.es\/gl\/wp-json\/wp\/v2\/pages\/40255\/revisions\/40259"}],"wp:attachment":[{"href":"https:\/\/restauranterodas.es\/gl\/wp-json\/wp\/v2\/media?parent=40255"}],"curies":[{"name":"wp","href":"https:\/\/api.w.org\/{rel}","templated":true}]}}