{"id":40261,"date":"2026-04-21T09:40:15","date_gmt":"2026-04-21T07:40:15","guid":{"rendered":"https:\/\/restauranterodas.es\/informacion-practica\/"},"modified":"2026-05-04T15:53:36","modified_gmt":"2026-05-04T13:53:36","slug":"informacion-practica","status":"publish","type":"page","link":"https:\/\/restauranterodas.es\/gl\/informacion-practica\/","title":{"rendered":"Informaci\u00f3n pr\u00e1ctica"},"content":{"rendered":"<div  class=\"one withsmallpadding ppb_header \" style=\"text-align:left;padding:30px 0 30px 0;\" >\n<div class=\"standard_wrapper\">\n<div class=\"page_content_wrapper\">\n<div class=\"inner\">\n<div class=\"page_header_sep left\"><\/div>\n<\/p>\n<div class=\"box-tit-page\">\n<h1 class=\"title-1\" style=\"text-align: center;\">\n <b class=\"color-azul\">Todo o que necesitas para moverte polas Illas C\u00edes<\/b><\/h1>\n<\/div>\n<\/div>\n<\/div>\n<\/div>\n<\/div>\n<div  class=\"one withsmallpadding ppb_text\" style=\"padding:30px 0 30px 0;\" >\n<div class=\"standard_wrapper\">\n<div class=\"page_content_wrapper\">\n<div class=\"inner\">\n<div style=\"margin:auto;width:100%\">\n<p class=\"body-m\" style=\"text-align: center;\">As Illas C\u00edes non son un destino convencional. Son un espazo protexido dentro dun Parque Nacional, e iso implica que a forma de moverse, de consumir e de relacionarse coa contorna \u00e9 distinta.<\/p>\n<p class=\"body-m\" style=\"text-align: center;\">Aqu\u00ed non se trata s\u00f3 de saber que facer, sen\u00f3n de entender como facelo ben.<\/p>\n<\/div>\n<\/div>\n<\/div>\n<\/div>\n<\/div>\n<div  class=\"one\" style=\"padding:0px 0 0px 0;\" >\n<div class=\"standard_wrapper\">\n<div class=\"page_content_wrapper\">\n<div class=\"inner\">\n<div class=\"one_half content_middle animate textright\">\n<h2 class=\"title-3\"><span class=\"color-azul\">Como orientarte na<\/span> illa<span class=\"color-azul\">?<\/span><\/h2>\n<h3 class=\"title-6\"><b>Un sistema sinxelo, pero f\u00e1cil de malinterpretar<\/b><\/h3>\n<p class=\"body-m\">A visita organ\u00edzase arredor dun eixo moi claro: a praia de Rodas.<\/p>\n<p class=\"body-m\">Desde este punto distrib\u00faense os principais percorridos cara ao norte (Monteagudo) e cara ao sur (O Faro). Todos os cami\u00f1os est\u00e1n sinalizados e ben definidos, pero iso non significa que a orientaci\u00f3n sexa autom\u00e1tica.\n<\/p>\n<p class=\"body-m\">O mapa das C\u00edes \u00e9 simple en aparencia, pero engana en distancias e tempos.<\/p>\n<h3 class=\"title-6\"><b>O que debes ter en conta ao moverte<\/b><\/h3>\n<ul class=\"body-s list-text\">\n<li aria-level=\"1\">Todo se percorre a p\u00e9<\/li>\n<li aria-level=\"1\">Non hai transporte interno<\/li>\n<li aria-level=\"1\">Os sendeiros son naturais, non urbanos<\/li>\n<li aria-level=\"1\">Algunhas rutas te\u00f1en desnivel e exposici\u00f3n ao sol<\/li>\n<\/ul>\n<\/div>\n<div class=\"one_half last\"><\/div>\n<p><br class=\"clear\"\/><\/div>\n<\/div>\n<\/div>\n<\/div>\n<div  class=\"one\" style=\"padding:0px 0 0px 0;\" >\n<div class=\"standard_wrapper\">\n<div class=\"page_content_wrapper\">\n<div class=\"inner\">\n<div class=\"one_half content_middle animate textright\">\n<h2 class=\"title-3\"><span class=\"color-azul\">Como orientarte na<\/span> illa<span class=\"color-azul\">?<\/span><\/h2>\n<h3 class=\"title-6\"><b>Un sistema sinxelo, pero f\u00e1cil de malinterpretar<\/b><\/h3>\n<p class=\"body-m\">A visita organ\u00edzase arredor dun eixo moi claro: a praia de Rodas.<\/p>\n<p class=\"body-m\">Desde este punto distrib\u00faense os principais percorridos cara ao norte (Monteagudo) e cara ao sur (O Faro). Todos os cami\u00f1os est\u00e1n sinalizados e ben definidos, pero iso non significa que a orientaci\u00f3n sexa autom\u00e1tica.\n<\/p>\n<p class=\"body-m\">O mapa das C\u00edes \u00e9 simple en aparencia, pero engana en distancias e tempos.<\/p>\n<h3 class=\"title-6\"><b>O que debes ter en conta ao moverte<\/b><\/h3>\n<ul class=\"body-s list-text\">\n<li aria-level=\"1\">Todo se percorre a p\u00e9<\/li>\n<li aria-level=\"1\">Non hai transporte interno<\/li>\n<li aria-level=\"1\">Os sendeiros son naturais, non urbanos<\/li>\n<li aria-level=\"1\">Algunhas rutas te\u00f1en desnivel e exposici\u00f3n ao sol<\/li>\n<\/ul>\n<\/div>\n<div class=\"one_half last\"><\/div>\n<p><br class=\"clear\"\/><\/div>\n<\/div>\n<\/div>\n<\/div>\n<div  class=\"one withsmallpadding ppb_text\" style=\"padding:30px 0 30px 0;\" >\n<div class=\"standard_wrapper\">\n<div class=\"page_content_wrapper\">\n<div class=\"inner\">\n<div style=\"margin:auto;width:100%\">\n<h2 class=\"title-3\">Normas <span class=\"color-azul\">da contorna protexida<\/span><\/h2>\n<p class=\"body-m\">As C\u00edes est\u00e1n dentro dun Parque Nacional, o que implica normas claras orientadas \u00e1 conservaci\u00f3n da contorna.<\/p>\n<p class=\"body-m\">Non son recomendaci\u00f3ns. Son condici\u00f3ns de uso do espazo.<\/p>\n<h3 class=\"title-5\"><b>Que est\u00e1 permitido e que non nas Illas C\u00edes?<\/b><\/h3>\n<div class=\"grid-normas\">\n<div>\n<p class=\"title-6\">\n      <img decoding=\"async\" src=\"\/wp-content\/uploads\/2026\/04\/check.png\" width=\"24\"><b class=\"color-azul\">Perm\u00edtese:<\/b>\n    <\/p>\n<ul class=\"body-m list-text list-permitido\">\n<li aria-level=\"1\">Cami\u00f1ar por sendeiros sinalizados<\/li>\n<li aria-level=\"1\">Gozar das praias habilitadas<\/li>\n<li aria-level=\"1\">Moverse libremente dentro das zonas abertas<\/li>\n<li aria-level=\"1\">Levar comida \u00e1 illa<\/li>\n<\/ul>\n<\/div>\n<div>\n<p class=\"title-6\">\n       <img decoding=\"async\" src=\"\/wp-content\/uploads\/2026\/04\/delete.png\" width=\"24\"> <b class=\"color-azul\">Non est\u00e1 permitido:<\/b>\n    <\/p>\n<ul class=\"body-m list-text list-no-permitido\">\n<li aria-level=\"1\">Tirar residuos; ter\u00e1s que levar a t\u00faa propia bolsa e tirala cando volvas \u00e1 casa.<\/li>\n<li aria-level=\"1\">Sa\u00edr dos cami\u00f1os marcados<\/li>\n<li aria-level=\"1\">Alterar dunas, vexetaci\u00f3n ou fauna<\/li>\n<li aria-level=\"1\">Recoller elementos da contorna<\/li>\n<\/ul>\n<\/div>\n<\/div>\n<\/div>\n<\/div>\n<\/div>\n<\/div>\n<\/div>\n<div  class=\"one withsmallpadding ppb_text \" style=\"padding:30px 0 30px 0;\" >\n<div class=\"standard_wrapper\">\n<div class=\"page_content_wrapper\">\n<div class=\"inner\" >\n<div class=\"box-tit-page\">\n<h3 class=\"title-3 color-azul\" style=\"text-align: center;\"><b>Por que isto \u00e9 importante?<\/b><\/h3>\n<p class=\"body-m\" style=\"text-align: center;\"><b>O valor das C\u00edes est\u00e1 precisamente na s\u00faa conservaci\u00f3n.<\/b><\/p>\n<p class=\"body-m\" style=\"text-align: center;\">O control de acceso, as normas e a limitaci\u00f3n de usos non son restrici\u00f3ns arbitrarias. Son o que permite que a contorna se mante\u00f1a nas condici\u00f3ns nas que a est\u00e1s visitando.<\/p>\n<\/div>\n<\/div>\n<\/div>\n<\/div>\n<\/div>\n<div  class=\"one withsmallpadding ppb_text \" style=\"padding:30px 0 30px 0;\" >\n<div class=\"standard_wrapper\">\n<div class=\"page_content_wrapper\">\n<div class=\"inner\" >\n<div class=\"box-tit-page\">\n<h3 class=\"title-3 color-azul\" style=\"text-align: center;\"><b>Por que isto \u00e9 importante?<\/b><\/h3>\n<p class=\"body-m\" style=\"text-align: center;\"><b>O valor das C\u00edes est\u00e1 precisamente na s\u00faa conservaci\u00f3n.<\/b><\/p>\n<p class=\"body-m\" style=\"text-align: center;\">O control de acceso, as normas e a limitaci\u00f3n de usos non son restrici\u00f3ns arbitrarias. Son o que permite que a contorna se mante\u00f1a nas condici\u00f3ns nas que a est\u00e1s visitando.<\/p>\n<\/div>\n<\/div>\n<\/div>\n<\/div>\n<\/div>\n<div  class=\"one withsmallpadding ppb_text \" style=\"padding:30px 0 30px 0;\" >\n<div class=\"standard_wrapper\">\n<div class=\"page_content_wrapper\">\n<div class=\"inner\" >\n<div class=\"box-tit-page\">\n<h3 class=\"title-3 color-azul\" style=\"text-align: center;\"><b>Por que isto \u00e9 importante?<\/b><\/h3>\n<p class=\"body-m\" style=\"text-align: center;\"><b>O valor das C\u00edes est\u00e1 precisamente na s\u00faa conservaci\u00f3n.<\/b><\/p>\n<p class=\"body-m\" style=\"text-align: center;\">O control de acceso, as normas e a limitaci\u00f3n de usos non son restrici\u00f3ns arbitrarias. Son o que permite que a contorna se mante\u00f1a nas condici\u00f3ns nas que a est\u00e1s visitando.<\/p>\n<\/div>\n<\/div>\n<\/div>\n<\/div>\n<\/div>\n<div  class=\"one\" style=\"padding:0px 0 0px 0;\" >\n<div class=\"standard_wrapper\">\n<div class=\"page_content_wrapper\">\n<div class=\"inner\">\n<div class=\"one_half content_middle animate textright\">\n<h2 class=\"title-3\">Recomendaci\u00f3ns <span class=\"color-azul\">para unha visita c\u00f3moda<\/span><\/h2>\n<h3 class=\"title-6\"><b>O b\u00e1sico que deber\u00edas levar<\/b><\/h3>\n<p class=\"body-m\">A contorna \u00e9 natural, polo que conv\u00e9n vir preparado:<\/p>\n<ul class=\"body-m list-text\">\n<li aria-level=\"1\">Auga suficiente <\/li>\n<li aria-level=\"1\">Protecci\u00f3n solar<\/li>\n<li aria-level=\"1\">Calzado c\u00f3modo<\/li>\n<li aria-level=\"1\">Algo de comida se vas facer rutas longas<\/li>\n<\/ul>\n<\/div>\n<div class=\"one_half last\"><\/div>\n<p><br class=\"clear\"\/><\/div>\n<\/div>\n<\/div>\n<\/div>\n<div  class=\"one\" style=\"padding:0px 0 0px 0;\" >\n<div class=\"standard_wrapper\">\n<div class=\"page_content_wrapper\">\n<div class=\"inner\">\n<div class=\"one_half content_middle animate textright\">\n<h2 class=\"title-3\">Recomendaci\u00f3ns <span class=\"color-azul\">para unha visita c\u00f3moda<\/span><\/h2>\n<h3 class=\"title-6\"><b>O b\u00e1sico que deber\u00edas levar<\/b><\/h3>\n<p class=\"body-m\">A contorna \u00e9 natural, polo que conv\u00e9n vir preparado:<\/p>\n<ul class=\"body-m list-text\">\n<li aria-level=\"1\">Auga suficiente <\/li>\n<li aria-level=\"1\">Protecci\u00f3n solar<\/li>\n<li aria-level=\"1\">Calzado c\u00f3modo<\/li>\n<li aria-level=\"1\">Algo de comida se vas facer rutas longas<\/li>\n<\/ul>\n<\/div>\n<div class=\"one_half last\"><\/div>\n<p><br class=\"clear\"\/><\/div>\n<\/div>\n<\/div>\n<\/div>\n<div  class=\"one\" style=\"padding:0px 0 0px 0;\" >\n<div class=\"standard_wrapper\">\n<div class=\"page_content_wrapper\">\n<div class=\"inner\">\n<div class=\"one_half content_middle animate textright\">\n<h2 class=\"title-3\">Mapas<span class=\"color-azul\"> e puntos de referencia<\/span><\/h2>\n<h3 class=\"title-6\"><b>Como non perderte?<\/b><\/h3>\n<p class=\"body-m\">A sinalizaci\u00f3n nas C\u00edes \u00e9 clara, pero a mellor forma de orientarte \u00e9 entender o esquema xeral:<\/p>\n<ul class=\"body-m list-text\">\n<li aria-level=\"1\">Praia de Rodas como punto central<\/li>\n<li aria-level=\"1\">Rutas que se abren cara ao norte e ao sur<\/li>\n<li aria-level=\"1\">Puntos elevados como referencia visual<\/li>\n<\/ul>\n<p class=\"body-m\">Con isto claro, moverte \u00e9 moito m\u00e1is sinxelo.<\/p>\n<\/div>\n<div class=\"one_half last\"><\/div>\n<p><br class=\"clear\"\/><\/div>\n<\/div>\n<\/div>\n<\/div>\n<div  class=\"one\" style=\"padding:0px 0 0px 0;\" >\n<div class=\"standard_wrapper\">\n<div class=\"page_content_wrapper\">\n<div class=\"inner\">\n<div class=\"one_half content_middle animate textright\">\n<h2 class=\"title-3\">Mapas<span class=\"color-azul\"> e puntos de referencia<\/span><\/h2>\n<h3 class=\"title-6\"><b>Como non perderte?<\/b><\/h3>\n<p class=\"body-m\">A sinalizaci\u00f3n nas C\u00edes \u00e9 clara, pero a mellor forma de orientarte \u00e9 entender o esquema xeral:<\/p>\n<ul class=\"body-m list-text\">\n<li aria-level=\"1\">Praia de Rodas como punto central<\/li>\n<li aria-level=\"1\">Rutas que se abren cara ao norte e ao sur<\/li>\n<li aria-level=\"1\">Puntos elevados como referencia visual<\/li>\n<\/ul>\n<p class=\"body-m\">Con isto claro, moverte \u00e9 moito m\u00e1is sinxelo.<\/p>\n<\/div>\n<div class=\"one_half last\"><\/div>\n<p><br class=\"clear\"\/><\/div>\n<\/div>\n<\/div>\n<\/div>\n<div  class=\"one withsmallpadding ppb_text\" style=\"padding:30px 0 30px 0;\" >\n<div class=\"standard_wrapper\">\n<div class=\"page_content_wrapper\">\n<div class=\"inner\">\n<div style=\"margin:auto;width:100%\">\n<p><img decoding=\"async\" class=\"aligncenter wp-image-39674 size-full\" src=\"https:\/\/restauranterodas.es\/wp-content\/uploads\/2026\/04\/Rodi-en-el-sendero-costero.png\" alt=\"Rodi ChatBot\" width=\"200\" \/><\/p>\n<p class=\"title-4 color-azul\" style=\"text-align: center;\">Se tes d\u00fabidas, o noso chatbot Rodi axudarache<\/p>\n<p style=\"text-align:center;\"><a class=\"bt-chatbot\" href=\"#\" onclick=\"window.chatbase.open(); return false;\" >Falar con Rodi<\/a><\/p>\n<\/div>\n<\/div>\n<\/div>\n<\/div>\n<\/div>\n<div  class=\"one withsmallpadding ppb_text\" style=\"padding:30px 0 30px 0;\" >\n<div class=\"standard_wrapper\">\n<div class=\"page_content_wrapper\">\n<div class=\"inner\">\n<div style=\"margin:auto;width:100%\">\n<p><img decoding=\"async\" class=\"aligncenter wp-image-39674 size-full\" src=\"https:\/\/restauranterodas.es\/wp-content\/uploads\/2026\/04\/Rodi-en-el-sendero-costero.png\" alt=\"Rodi ChatBot\" width=\"200\" \/><\/p>\n<p class=\"title-4 color-azul\" style=\"text-align: center;\">Se tes d\u00fabidas, o noso chatbot Rodi axudarache<\/p>\n<p style=\"text-align:center;\"><a class=\"bt-chatbot\" href=\"#\" onclick=\"window.chatbase.open(); return false;\" >Falar con Rodi<\/a><\/p>\n<\/div>\n<\/div>\n<\/div>\n<\/div>\n<\/div>\n","protected":false},"excerpt":{"rendered":"<p>Todo o que necesitas para moverte polas Illas C\u00edes As Illas C\u00edes non son un destino convencional. Son un espazo protexido dentro dun Parque Nacional, e iso implica que a forma de moverse, de consumir e de relacionarse coa contorna [&hellip;]<\/p>\n","protected":false},"author":1,"featured_media":0,"parent":0,"menu_order":0,"comment_status":"closed","ping_status":"closed","template":"","meta":{"footnotes":""},"class_list":["post-40261","page","type-page","status-publish","hentry"],"yoast_head":"<!-- This site is optimized with the Yoast SEO plugin v28.3 - https:\/\/yoast.com\/product\/yoast-seo-wordpress\/ -->\n<title>Informaci\u00f3n pr\u00e1ctica - Restaurante Praia de Rodas, Illas C\u00edes<\/title>\n<meta name=\"robots\" content=\"index, follow, max-snippet:-1, max-image-preview:large, max-video-preview:-1\" \/>\n<link rel=\"canonical\" href=\"https:\/\/restauranterodas.es\/gl\/informacion-practica\/\" \/>\n<meta property=\"og:locale\" content=\"gl_ES\" \/>\n<meta property=\"og:type\" content=\"article\" \/>\n<meta property=\"og:title\" content=\"Informaci\u00f3n pr\u00e1ctica - Restaurante Praia de Rodas, Illas C\u00edes\" \/>\n<meta property=\"og:description\" content=\"Todo o que necesitas para moverte polas Illas C\u00edes As Illas C\u00edes non son un destino convencional. Son un espazo protexido dentro dun Parque Nacional, e iso implica que a forma de moverse, de consumir e de relacionarse coa contorna [&hellip;]\" \/>\n<meta property=\"og:url\" content=\"https:\/\/restauranterodas.es\/gl\/informacion-practica\/\" \/>\n<meta property=\"og:site_name\" content=\"Restaurante Praia de Rodas, Illas C\u00edes\" \/>\n<meta property=\"article:publisher\" content=\"https:\/\/www.facebook.com\/pg\/LaCandelaRestauranteVigo\/about\/\" \/>\n<meta property=\"article:modified_time\" content=\"2026-05-04T13:53:36+00:00\" \/>\n<meta property=\"og:image\" content=\"https:\/\/restauranterodas.es\/wp-content\/uploads\/2026\/04\/Rodi-en-el-sendero-costero.png\" \/>\n<meta name=\"twitter:card\" content=\"summary_large_image\" \/>\n<meta name=\"twitter:label1\" content=\"Est. reading time\" \/>\n\t<meta name=\"twitter:data1\" content=\"4 minutes\" \/>\n<script type=\"application\/ld+json\" class=\"yoast-schema-graph\">{\"@context\":\"https:\\\/\\\/schema.org\",\"@graph\":[{\"@type\":\"WebPage\",\"@id\":\"https:\\\/\\\/restauranterodas.es\\\/gl\\\/informacion-practica\\\/\",\"url\":\"https:\\\/\\\/restauranterodas.es\\\/gl\\\/informacion-practica\\\/\",\"name\":\"Informaci\u00f3n pr\u00e1ctica - Restaurante Praia de Rodas, Illas C\u00edes\",\"isPartOf\":{\"@id\":\"https:\\\/\\\/restauranterodas.es\\\/gl\\\/#website\"},\"primaryImageOfPage\":{\"@id\":\"https:\\\/\\\/restauranterodas.es\\\/gl\\\/informacion-practica\\\/#primaryimage\"},\"image\":{\"@id\":\"https:\\\/\\\/restauranterodas.es\\\/gl\\\/informacion-practica\\\/#primaryimage\"},\"thumbnailUrl\":\"https:\\\/\\\/restauranterodas.es\\\/wp-content\\\/uploads\\\/2026\\\/04\\\/Rodi-en-el-sendero-costero.png\",\"datePublished\":\"2026-04-21T07:40:15+00:00\",\"dateModified\":\"2026-05-04T13:53:36+00:00\",\"breadcrumb\":{\"@id\":\"https:\\\/\\\/restauranterodas.es\\\/gl\\\/informacion-practica\\\/#breadcrumb\"},\"inLanguage\":\"gl-ES\",\"potentialAction\":[{\"@type\":\"ReadAction\",\"target\":[\"https:\\\/\\\/restauranterodas.es\\\/gl\\\/informacion-practica\\\/\"]}]},{\"@type\":\"ImageObject\",\"inLanguage\":\"gl-ES\",\"@id\":\"https:\\\/\\\/restauranterodas.es\\\/gl\\\/informacion-practica\\\/#primaryimage\",\"url\":\"https:\\\/\\\/restauranterodas.es\\\/wp-content\\\/uploads\\\/2026\\\/04\\\/Rodi-en-el-sendero-costero.png\",\"contentUrl\":\"https:\\\/\\\/restauranterodas.es\\\/wp-content\\\/uploads\\\/2026\\\/04\\\/Rodi-en-el-sendero-costero.png\"},{\"@type\":\"BreadcrumbList\",\"@id\":\"https:\\\/\\\/restauranterodas.es\\\/gl\\\/informacion-practica\\\/#breadcrumb\",\"itemListElement\":[{\"@type\":\"ListItem\",\"position\":1,\"name\":\"Portada\",\"item\":\"https:\\\/\\\/restauranterodas.es\\\/gl\\\/\"},{\"@type\":\"ListItem\",\"position\":2,\"name\":\"Informaci\u00f3n pr\u00e1ctica\"}]},{\"@type\":\"WebSite\",\"@id\":\"https:\\\/\\\/restauranterodas.es\\\/gl\\\/#website\",\"url\":\"https:\\\/\\\/restauranterodas.es\\\/gl\\\/\",\"name\":\"Cocina Fusi\u00f3n Vigo - Restaurante Candela\",\"description\":\"\",\"publisher\":{\"@id\":\"https:\\\/\\\/restauranterodas.es\\\/gl\\\/#organization\"},\"potentialAction\":[{\"@type\":\"SearchAction\",\"target\":{\"@type\":\"EntryPoint\",\"urlTemplate\":\"https:\\\/\\\/restauranterodas.es\\\/gl\\\/?s={search_term_string}\"},\"query-input\":{\"@type\":\"PropertyValueSpecification\",\"valueRequired\":true,\"valueName\":\"search_term_string\"}}],\"inLanguage\":\"gl-ES\"},{\"@type\":\"Organization\",\"@id\":\"https:\\\/\\\/restauranterodas.es\\\/gl\\\/#organization\",\"name\":\"La Candela Cocina Fusi\u00f3n\",\"url\":\"https:\\\/\\\/restauranterodas.es\\\/gl\\\/\",\"logo\":{\"@type\":\"ImageObject\",\"inLanguage\":\"gl-ES\",\"@id\":\"https:\\\/\\\/restauranterodas.es\\\/gl\\\/#\\\/schema\\\/logo\\\/image\\\/\",\"url\":\"https:\\\/\\\/restauranterodas.es\\\/wp-content\\\/uploads\\\/2019\\\/07\\\/logo-fixed.png\",\"contentUrl\":\"https:\\\/\\\/restauranterodas.es\\\/wp-content\\\/uploads\\\/2019\\\/07\\\/logo-fixed.png\",\"width\":99,\"height\":32,\"caption\":\"La Candela Cocina Fusi\u00f3n\"},\"image\":{\"@id\":\"https:\\\/\\\/restauranterodas.es\\\/gl\\\/#\\\/schema\\\/logo\\\/image\\\/\"},\"sameAs\":[\"https:\\\/\\\/www.facebook.com\\\/pg\\\/LaCandelaRestauranteVigo\\\/about\\\/\"]}]}<\/script>\n<!-- \/ Yoast SEO plugin. -->","yoast_head_json":{"title":"Informaci\u00f3n pr\u00e1ctica - Restaurante Praia de Rodas, Illas C\u00edes","robots":{"index":"index","follow":"follow","max-snippet":"max-snippet:-1","max-image-preview":"max-image-preview:large","max-video-preview":"max-video-preview:-1"},"canonical":"https:\/\/restauranterodas.es\/gl\/informacion-practica\/","og_locale":"gl_ES","og_type":"article","og_title":"Informaci\u00f3n pr\u00e1ctica - Restaurante Praia de Rodas, Illas C\u00edes","og_description":"Todo o que necesitas para moverte polas Illas C\u00edes As Illas C\u00edes non son un destino convencional. Son un espazo protexido dentro dun Parque Nacional, e iso implica que a forma de moverse, de consumir e de relacionarse coa contorna [&hellip;]","og_url":"https:\/\/restauranterodas.es\/gl\/informacion-practica\/","og_site_name":"Restaurante Praia de Rodas, Illas C\u00edes","article_publisher":"https:\/\/www.facebook.com\/pg\/LaCandelaRestauranteVigo\/about\/","article_modified_time":"2026-05-04T13:53:36+00:00","og_image":[{"url":"https:\/\/restauranterodas.es\/wp-content\/uploads\/2026\/04\/Rodi-en-el-sendero-costero.png","type":"","width":"","height":""}],"twitter_card":"summary_large_image","twitter_misc":{"Est. reading time":"4 minutes"},"schema":{"@context":"https:\/\/schema.org","@graph":[{"@type":"WebPage","@id":"https:\/\/restauranterodas.es\/gl\/informacion-practica\/","url":"https:\/\/restauranterodas.es\/gl\/informacion-practica\/","name":"Informaci\u00f3n pr\u00e1ctica - Restaurante Praia de Rodas, Illas C\u00edes","isPartOf":{"@id":"https:\/\/restauranterodas.es\/gl\/#website"},"primaryImageOfPage":{"@id":"https:\/\/restauranterodas.es\/gl\/informacion-practica\/#primaryimage"},"image":{"@id":"https:\/\/restauranterodas.es\/gl\/informacion-practica\/#primaryimage"},"thumbnailUrl":"https:\/\/restauranterodas.es\/wp-content\/uploads\/2026\/04\/Rodi-en-el-sendero-costero.png","datePublished":"2026-04-21T07:40:15+00:00","dateModified":"2026-05-04T13:53:36+00:00","breadcrumb":{"@id":"https:\/\/restauranterodas.es\/gl\/informacion-practica\/#breadcrumb"},"inLanguage":"gl-ES","potentialAction":[{"@type":"ReadAction","target":["https:\/\/restauranterodas.es\/gl\/informacion-practica\/"]}]},{"@type":"ImageObject","inLanguage":"gl-ES","@id":"https:\/\/restauranterodas.es\/gl\/informacion-practica\/#primaryimage","url":"https:\/\/restauranterodas.es\/wp-content\/uploads\/2026\/04\/Rodi-en-el-sendero-costero.png","contentUrl":"https:\/\/restauranterodas.es\/wp-content\/uploads\/2026\/04\/Rodi-en-el-sendero-costero.png"},{"@type":"BreadcrumbList","@id":"https:\/\/restauranterodas.es\/gl\/informacion-practica\/#breadcrumb","itemListElement":[{"@type":"ListItem","position":1,"name":"Portada","item":"https:\/\/restauranterodas.es\/gl\/"},{"@type":"ListItem","position":2,"name":"Informaci\u00f3n pr\u00e1ctica"}]},{"@type":"WebSite","@id":"https:\/\/restauranterodas.es\/gl\/#website","url":"https:\/\/restauranterodas.es\/gl\/","name":"Cocina Fusi\u00f3n Vigo - Restaurante Candela","description":"","publisher":{"@id":"https:\/\/restauranterodas.es\/gl\/#organization"},"potentialAction":[{"@type":"SearchAction","target":{"@type":"EntryPoint","urlTemplate":"https:\/\/restauranterodas.es\/gl\/?s={search_term_string}"},"query-input":{"@type":"PropertyValueSpecification","valueRequired":true,"valueName":"search_term_string"}}],"inLanguage":"gl-ES"},{"@type":"Organization","@id":"https:\/\/restauranterodas.es\/gl\/#organization","name":"La Candela Cocina Fusi\u00f3n","url":"https:\/\/restauranterodas.es\/gl\/","logo":{"@type":"ImageObject","inLanguage":"gl-ES","@id":"https:\/\/restauranterodas.es\/gl\/#\/schema\/logo\/image\/","url":"https:\/\/restauranterodas.es\/wp-content\/uploads\/2019\/07\/logo-fixed.png","contentUrl":"https:\/\/restauranterodas.es\/wp-content\/uploads\/2019\/07\/logo-fixed.png","width":99,"height":32,"caption":"La Candela Cocina Fusi\u00f3n"},"image":{"@id":"https:\/\/restauranterodas.es\/gl\/#\/schema\/logo\/image\/"},"sameAs":["https:\/\/www.facebook.com\/pg\/LaCandelaRestauranteVigo\/about\/"]}]}},"_links":{"self":[{"href":"https:\/\/restauranterodas.es\/gl\/wp-json\/wp\/v2\/pages\/40261","targetHints":{"allow":["GET"]}}],"collection":[{"href":"https:\/\/restauranterodas.es\/gl\/wp-json\/wp\/v2\/pages"}],"about":[{"href":"https:\/\/restauranterodas.es\/gl\/wp-json\/wp\/v2\/types\/page"}],"author":[{"embeddable":true,"href":"https:\/\/restauranterodas.es\/gl\/wp-json\/wp\/v2\/users\/1"}],"replies":[{"embeddable":true,"href":"https:\/\/restauranterodas.es\/gl\/wp-json\/wp\/v2\/comments?post=40261"}],"version-history":[{"count":3,"href":"https:\/\/restauranterodas.es\/gl\/wp-json\/wp\/v2\/pages\/40261\/revisions"}],"predecessor-version":[{"id":40283,"href":"https:\/\/restauranterodas.es\/gl\/wp-json\/wp\/v2\/pages\/40261\/revisions\/40283"}],"wp:attachment":[{"href":"https:\/\/restauranterodas.es\/gl\/wp-json\/wp\/v2\/media?parent=40261"}],"curies":[{"name":"wp","href":"https:\/\/api.w.org\/{rel}","templated":true}]}}