{"id":5051,"date":"2021-04-22T11:31:03","date_gmt":"2021-04-22T09:31:03","guid":{"rendered":"https:\/\/restauranterodas.es\/?post_type=product&#038;p=5051"},"modified":"2026-05-13T12:28:34","modified_gmt":"2026-05-13T10:28:34","slug":"reserva-de-mesa","status":"publish","type":"product","link":"https:\/\/restauranterodas.es\/gl\/producto\/reserva-de-mesa\/","title":{"rendered":"Reserva Comida \u2013 Terraza superior"},"content":{"rendered":"<p><strong>El importe de la reserva ser\u00e1 descontado del importe de la cuenta una vez se haga efectivo el pago en el restaurante.<\/strong><br \/>\n<strong>El importe de la reserva es consumici\u00f3n m\u00ednima.<\/strong><\/p>\n<p>Una vez completes tu reserva recibir\u00e1s un email de confirmaci\u00f3n con los datos de la misma y un enlace para solicitar la cancelaci\u00f3n en caso que lo desees. Las condiciones para la cancelaci\u00f3n son las siguientes:<\/p>\n<ul>\n<li>No se admiten cancelaciones de reservas efectivas en un plazo menor de 48 horas.<\/li>\n<li>Para reservas en un plazo menor a una semana se aplicar\u00e1 un a penalizaci\u00f3n de 2 EUR por persona.<\/li>\n<li>Para reservas en un plazo superior a una semana se aplicar\u00e1 una penalizaci\u00f3n por gastos bancarios del 1% como m\u00e1ximo.<\/li>\n<\/ul>\n<p>Dado que la reserva es para mesa en terraza superior, el restaurante se reserva el derecho de cancelaci\u00f3n de reserva por causas meteorol\u00f3gicas. Devolvi\u00e9ndose en este caso, la cantidad \u00edntegra del importe de la reserva.<\/p>\n","protected":false},"excerpt":{"rendered":"<p><em><strong>* Recuerde confirmar la disponibilidad de su billete al parque, antes de formalizar la reserva.<\/strong><\/em><\/p>\n","protected":false},"featured_media":6487,"comment_status":"closed","ping_status":"closed","template":"","meta":[],"product_brand":[],"product_cat":[53],"product_tag":[],"class_list":["post-5051","product","type-product","status-publish","has-post-thumbnail","product_cat-sin-categorizar","first","instock","virtual","sold-individually","purchasable","product-type-booking"],"yoast_head":"<!-- This site is optimized with the Yoast SEO plugin v28.3 - https:\/\/yoast.com\/product\/yoast-seo-wordpress\/ -->\n<title>Restaurante Playa de Rodas - Reservar Mesa en Islas C\u00edes<\/title>\n<meta name=\"description\" content=\"Con el sistema de reservar mesa en Restaurante Playa de Rodas podr\u00e1s asegurar tu mesa en nuestro restaurante, disfruta de las vistas.\" \/>\n<meta name=\"robots\" content=\"noindex, follow\" \/>\n<meta property=\"og:locale\" content=\"gl_ES\" \/>\n<meta property=\"og:type\" content=\"article\" \/>\n<meta property=\"og:title\" content=\"Restaurante Playa de Rodas - Reservar Mesa en Islas C\u00edes\" \/>\n<meta property=\"og:description\" content=\"Con el sistema de reservar mesa en Restaurante Playa de Rodas podr\u00e1s asegurar tu mesa en nuestro restaurante, disfruta de las vistas.\" \/>\n<meta property=\"og:url\" content=\"https:\/\/restauranterodas.es\/gl\/producto\/reserva-de-mesa\/\" \/>\n<meta property=\"og:site_name\" content=\"Restaurante Praia de Rodas, Illas C\u00edes\" \/>\n<meta property=\"article:publisher\" content=\"https:\/\/www.facebook.com\/pg\/LaCandelaRestauranteVigo\/about\/\" \/>\n<meta property=\"article:modified_time\" content=\"2026-05-13T10:28:34+00:00\" \/>\n<meta property=\"og:image\" content=\"https:\/\/restauranterodas.es\/wp-content\/uploads\/2021\/04\/la-terraza-de-las-islas-cies.jpg\" \/>\n\t<meta property=\"og:image:width\" content=\"665\" \/>\n\t<meta property=\"og:image:height\" content=\"665\" \/>\n\t<meta property=\"og:image:type\" content=\"image\/jpeg\" \/>\n<meta name=\"twitter:card\" content=\"summary_large_image\" \/>\n<meta name=\"twitter:label1\" content=\"Est. reading time\" \/>\n\t<meta name=\"twitter:data1\" content=\"1 minute\" \/>\n<script type=\"application\/ld+json\" class=\"yoast-schema-graph\">{\"@context\":\"https:\\\/\\\/schema.org\",\"@graph\":[{\"@type\":\"WebPage\",\"@id\":\"https:\\\/\\\/restauranterodas.es\\\/gl\\\/producto\\\/reserva-de-mesa\\\/\",\"url\":\"https:\\\/\\\/restauranterodas.es\\\/gl\\\/producto\\\/reserva-de-mesa\\\/\",\"name\":\"Restaurante Playa de Rodas - Reservar Mesa en Islas C\u00edes\",\"isPartOf\":{\"@id\":\"https:\\\/\\\/restauranterodas.es\\\/gl\\\/#website\"},\"primaryImageOfPage\":{\"@id\":\"https:\\\/\\\/restauranterodas.es\\\/gl\\\/producto\\\/reserva-de-mesa\\\/#primaryimage\"},\"image\":{\"@id\":\"https:\\\/\\\/restauranterodas.es\\\/gl\\\/producto\\\/reserva-de-mesa\\\/#primaryimage\"},\"thumbnailUrl\":\"https:\\\/\\\/restauranterodas.es\\\/wp-content\\\/uploads\\\/2021\\\/04\\\/la-terraza-de-las-islas-cies.jpg\",\"datePublished\":\"2021-04-22T09:31:03+00:00\",\"dateModified\":\"2026-05-13T10:28:34+00:00\",\"description\":\"Con el sistema de reservar mesa en Restaurante Playa de Rodas podr\u00e1s asegurar tu mesa en nuestro restaurante, disfruta de las vistas.\",\"breadcrumb\":{\"@id\":\"https:\\\/\\\/restauranterodas.es\\\/gl\\\/producto\\\/reserva-de-mesa\\\/#breadcrumb\"},\"inLanguage\":\"gl-ES\",\"potentialAction\":[{\"@type\":\"ReadAction\",\"target\":[\"https:\\\/\\\/restauranterodas.es\\\/gl\\\/producto\\\/reserva-de-mesa\\\/\"]}]},{\"@type\":\"ImageObject\",\"inLanguage\":\"gl-ES\",\"@id\":\"https:\\\/\\\/restauranterodas.es\\\/gl\\\/producto\\\/reserva-de-mesa\\\/#primaryimage\",\"url\":\"https:\\\/\\\/restauranterodas.es\\\/wp-content\\\/uploads\\\/2021\\\/04\\\/la-terraza-de-las-islas-cies.jpg\",\"contentUrl\":\"https:\\\/\\\/restauranterodas.es\\\/wp-content\\\/uploads\\\/2021\\\/04\\\/la-terraza-de-las-islas-cies.jpg\",\"width\":665,\"height\":665},{\"@type\":\"BreadcrumbList\",\"@id\":\"https:\\\/\\\/restauranterodas.es\\\/gl\\\/producto\\\/reserva-de-mesa\\\/#breadcrumb\",\"itemListElement\":[{\"@type\":\"ListItem\",\"position\":1,\"name\":\"Portada\",\"item\":\"https:\\\/\\\/restauranterodas.es\\\/gl\\\/\"},{\"@type\":\"ListItem\",\"position\":2,\"name\":\"Tienda\",\"item\":\"https:\\\/\\\/restauranterodas.es\\\/tienda\\\/\"},{\"@type\":\"ListItem\",\"position\":3,\"name\":\"Reserva Comida \u2013 Terraza superior\"}]},{\"@type\":\"WebSite\",\"@id\":\"https:\\\/\\\/restauranterodas.es\\\/gl\\\/#website\",\"url\":\"https:\\\/\\\/restauranterodas.es\\\/gl\\\/\",\"name\":\"Cocina Fusi\u00f3n Vigo - Restaurante Candela\",\"description\":\"\",\"publisher\":{\"@id\":\"https:\\\/\\\/restauranterodas.es\\\/gl\\\/#organization\"},\"potentialAction\":[{\"@type\":\"SearchAction\",\"target\":{\"@type\":\"EntryPoint\",\"urlTemplate\":\"https:\\\/\\\/restauranterodas.es\\\/gl\\\/?s={search_term_string}\"},\"query-input\":{\"@type\":\"PropertyValueSpecification\",\"valueRequired\":true,\"valueName\":\"search_term_string\"}}],\"inLanguage\":\"gl-ES\"},{\"@type\":\"Organization\",\"@id\":\"https:\\\/\\\/restauranterodas.es\\\/gl\\\/#organization\",\"name\":\"La Candela Cocina Fusi\u00f3n\",\"url\":\"https:\\\/\\\/restauranterodas.es\\\/gl\\\/\",\"logo\":{\"@type\":\"ImageObject\",\"inLanguage\":\"gl-ES\",\"@id\":\"https:\\\/\\\/restauranterodas.es\\\/gl\\\/#\\\/schema\\\/logo\\\/image\\\/\",\"url\":\"https:\\\/\\\/restauranterodas.es\\\/wp-content\\\/uploads\\\/2019\\\/07\\\/logo-fixed.png\",\"contentUrl\":\"https:\\\/\\\/restauranterodas.es\\\/wp-content\\\/uploads\\\/2019\\\/07\\\/logo-fixed.png\",\"width\":99,\"height\":32,\"caption\":\"La Candela Cocina Fusi\u00f3n\"},\"image\":{\"@id\":\"https:\\\/\\\/restauranterodas.es\\\/gl\\\/#\\\/schema\\\/logo\\\/image\\\/\"},\"sameAs\":[\"https:\\\/\\\/www.facebook.com\\\/pg\\\/LaCandelaRestauranteVigo\\\/about\\\/\"]}]}<\/script>\n<!-- \/ Yoast SEO plugin. -->","yoast_head_json":{"title":"Restaurante Playa de Rodas - Reservar Mesa en Islas C\u00edes","description":"Con el sistema de reservar mesa en Restaurante Playa de Rodas podr\u00e1s asegurar tu mesa en nuestro restaurante, disfruta de las vistas.","robots":{"index":"noindex","follow":"follow"},"og_locale":"gl_ES","og_type":"article","og_title":"Restaurante Playa de Rodas - Reservar Mesa en Islas C\u00edes","og_description":"Con el sistema de reservar mesa en Restaurante Playa de Rodas podr\u00e1s asegurar tu mesa en nuestro restaurante, disfruta de las vistas.","og_url":"https:\/\/restauranterodas.es\/gl\/producto\/reserva-de-mesa\/","og_site_name":"Restaurante Praia de Rodas, Illas C\u00edes","article_publisher":"https:\/\/www.facebook.com\/pg\/LaCandelaRestauranteVigo\/about\/","article_modified_time":"2026-05-13T10:28:34+00:00","og_image":[{"width":665,"height":665,"url":"https:\/\/restauranterodas.es\/wp-content\/uploads\/2021\/04\/la-terraza-de-las-islas-cies.jpg","type":"image\/jpeg"}],"twitter_card":"summary_large_image","twitter_misc":{"Est. reading time":"1 minute"},"schema":{"@context":"https:\/\/schema.org","@graph":[{"@type":"WebPage","@id":"https:\/\/restauranterodas.es\/gl\/producto\/reserva-de-mesa\/","url":"https:\/\/restauranterodas.es\/gl\/producto\/reserva-de-mesa\/","name":"Restaurante Playa de Rodas - Reservar Mesa en Islas C\u00edes","isPartOf":{"@id":"https:\/\/restauranterodas.es\/gl\/#website"},"primaryImageOfPage":{"@id":"https:\/\/restauranterodas.es\/gl\/producto\/reserva-de-mesa\/#primaryimage"},"image":{"@id":"https:\/\/restauranterodas.es\/gl\/producto\/reserva-de-mesa\/#primaryimage"},"thumbnailUrl":"https:\/\/restauranterodas.es\/wp-content\/uploads\/2021\/04\/la-terraza-de-las-islas-cies.jpg","datePublished":"2021-04-22T09:31:03+00:00","dateModified":"2026-05-13T10:28:34+00:00","description":"Con el sistema de reservar mesa en Restaurante Playa de Rodas podr\u00e1s asegurar tu mesa en nuestro restaurante, disfruta de las vistas.","breadcrumb":{"@id":"https:\/\/restauranterodas.es\/gl\/producto\/reserva-de-mesa\/#breadcrumb"},"inLanguage":"gl-ES","potentialAction":[{"@type":"ReadAction","target":["https:\/\/restauranterodas.es\/gl\/producto\/reserva-de-mesa\/"]}]},{"@type":"ImageObject","inLanguage":"gl-ES","@id":"https:\/\/restauranterodas.es\/gl\/producto\/reserva-de-mesa\/#primaryimage","url":"https:\/\/restauranterodas.es\/wp-content\/uploads\/2021\/04\/la-terraza-de-las-islas-cies.jpg","contentUrl":"https:\/\/restauranterodas.es\/wp-content\/uploads\/2021\/04\/la-terraza-de-las-islas-cies.jpg","width":665,"height":665},{"@type":"BreadcrumbList","@id":"https:\/\/restauranterodas.es\/gl\/producto\/reserva-de-mesa\/#breadcrumb","itemListElement":[{"@type":"ListItem","position":1,"name":"Portada","item":"https:\/\/restauranterodas.es\/gl\/"},{"@type":"ListItem","position":2,"name":"Tienda","item":"https:\/\/restauranterodas.es\/tienda\/"},{"@type":"ListItem","position":3,"name":"Reserva Comida \u2013 Terraza superior"}]},{"@type":"WebSite","@id":"https:\/\/restauranterodas.es\/gl\/#website","url":"https:\/\/restauranterodas.es\/gl\/","name":"Cocina Fusi\u00f3n Vigo - Restaurante Candela","description":"","publisher":{"@id":"https:\/\/restauranterodas.es\/gl\/#organization"},"potentialAction":[{"@type":"SearchAction","target":{"@type":"EntryPoint","urlTemplate":"https:\/\/restauranterodas.es\/gl\/?s={search_term_string}"},"query-input":{"@type":"PropertyValueSpecification","valueRequired":true,"valueName":"search_term_string"}}],"inLanguage":"gl-ES"},{"@type":"Organization","@id":"https:\/\/restauranterodas.es\/gl\/#organization","name":"La Candela Cocina Fusi\u00f3n","url":"https:\/\/restauranterodas.es\/gl\/","logo":{"@type":"ImageObject","inLanguage":"gl-ES","@id":"https:\/\/restauranterodas.es\/gl\/#\/schema\/logo\/image\/","url":"https:\/\/restauranterodas.es\/wp-content\/uploads\/2019\/07\/logo-fixed.png","contentUrl":"https:\/\/restauranterodas.es\/wp-content\/uploads\/2019\/07\/logo-fixed.png","width":99,"height":32,"caption":"La Candela Cocina Fusi\u00f3n"},"image":{"@id":"https:\/\/restauranterodas.es\/gl\/#\/schema\/logo\/image\/"},"sameAs":["https:\/\/www.facebook.com\/pg\/LaCandelaRestauranteVigo\/about\/"]}]}},"_links":{"self":[{"href":"https:\/\/restauranterodas.es\/gl\/wp-json\/wp\/v2\/product\/5051","targetHints":{"allow":["GET"]}}],"collection":[{"href":"https:\/\/restauranterodas.es\/gl\/wp-json\/wp\/v2\/product"}],"about":[{"href":"https:\/\/restauranterodas.es\/gl\/wp-json\/wp\/v2\/types\/product"}],"replies":[{"embeddable":true,"href":"https:\/\/restauranterodas.es\/gl\/wp-json\/wp\/v2\/comments?post=5051"}],"wp:featuredmedia":[{"embeddable":true,"href":"https:\/\/restauranterodas.es\/gl\/wp-json\/wp\/v2\/media\/6487"}],"wp:attachment":[{"href":"https:\/\/restauranterodas.es\/gl\/wp-json\/wp\/v2\/media?parent=5051"}],"wp:term":[{"taxonomy":"product_brand","embeddable":true,"href":"https:\/\/restauranterodas.es\/gl\/wp-json\/wp\/v2\/product_brand?post=5051"},{"taxonomy":"product_cat","embeddable":true,"href":"https:\/\/restauranterodas.es\/gl\/wp-json\/wp\/v2\/product_cat?post=5051"},{"taxonomy":"product_tag","embeddable":true,"href":"https:\/\/restauranterodas.es\/gl\/wp-json\/wp\/v2\/product_tag?post=5051"}],"curies":[{"name":"wp","href":"https:\/\/api.w.org\/{rel}","templated":true}]}}